{"id":3042,"date":"2019-08-05T19:52:41","date_gmt":"2019-08-06T01:52:41","guid":{"rendered":"https:\/\/expofamilia.hn\/expofamilia.hn\/?page_id=3042"},"modified":"2019-08-06T20:55:35","modified_gmt":"2019-08-07T02:55:35","slug":"conferencistas","status":"publish","type":"page","link":"https:\/\/expofamilia.hn\/expofamilia.hn\/conferencistas\/","title":{"rendered":"Conferencistas"},"content":{"rendered":"<p>[vc_row][vc_column][vc_empty_space height=\u00bb100px\u00bb]<div class=\"gt-heading gt-dark gt-size1 gt-center\"><div class=\"gt-title\">Nuestras <span>Conferencistas<\/span><\/div><div class=\"gt-separate\"><i class=\"fas fa-cubes\" aria-hidden=\"true\"><\/i><\/div><div class=\"gt-text\">Figuras destacadas de diferentes \u00e1mbitos nos acompa\u00f1ara en Expofamilia y compartir\u00e1n temas y actividades fabulosas y \u00fatiles.<\/div><\/div>[\/vc_column][\/vc_row][vc_row][vc_column][vc_empty_space height=\u00bb100px\u00bb]<div class=\"gt-get-event-content\"><div class=\"gt-speakers gt-columns gt-column-2 gt-column-space-40\"><div class=\"gt-col\"><div class=\"gt-inner\"><div class=\"gt-speaker gt-style-3\"><div class=\"gt-image\"><img loading=\"lazy\" decoding=\"async\" width=\"615\" height=\"640\" src=\"https:\/\/expofamilia.hn\/expofamilia.hn\/wp-content\/uploads\/2019\/08\/WhatsApp-Image-2019-08-25-at-4.31.56-PM-2-615x640.jpeg\" class=\"attachment-eventchamp-speaker size-eventchamp-speaker\" alt=\"\" 0=\"\" \/><\/div><div class=\"gt-content\"><a href=\"https:\/\/expofamilia.hn\/expofamilia.hn\/speaker\/mommy-daily\/\" title=\"Mommy Daily\"><\/a><div class=\"gt-name\">Mommy Daily<\/div><div class=\"gt-profession\">Comunidad de mam\u00e1s<\/div><div class=\"gt-text\">Mommy Daily es una comunidad de mam\u00e1s hondure\u00f1as y mujeres emprendedoras<\/div><div class=\"gt-social-links\"><ul><li><a href=\"https:\/\/es-la.facebook.com\/mommydailyhn\/\" title=\"Facebook\" target=\"_blank\"><i class=\"fab fa-facebook-f\"><\/i><\/a><\/li><\/ul><\/div><\/div><\/div><\/div><\/div><div class=\"gt-col\"><div class=\"gt-inner\"><div class=\"gt-speaker gt-style-3\"><div class=\"gt-image\"><img loading=\"lazy\" decoding=\"async\" width=\"615\" height=\"640\" src=\"https:\/\/expofamilia.hn\/expofamilia.hn\/wp-content\/uploads\/2019\/08\/700-x-730-px-web-plantilla-12-de-agosto-02-615x640.jpg\" class=\"attachment-eventchamp-speaker size-eventchamp-speaker\" alt=\"\" 0=\"\" srcset=\"https:\/\/expofamilia.hn\/expofamilia.hn\/wp-content\/uploads\/2019\/08\/700-x-730-px-web-plantilla-12-de-agosto-02-615x640.jpg 615w, https:\/\/expofamilia.hn\/expofamilia.hn\/wp-content\/uploads\/2019\/08\/700-x-730-px-web-plantilla-12-de-agosto-02-288x300.jpg 288w, https:\/\/expofamilia.hn\/expofamilia.hn\/wp-content\/uploads\/2019\/08\/700-x-730-px-web-plantilla-12-de-agosto-02.jpg 701w\" sizes=\"auto, (max-width: 615px) 100vw, 615px\" \/><\/div><div class=\"gt-content\"><a href=\"https:\/\/expofamilia.hn\/expofamilia.hn\/speaker\/ali-kafie\/\" title=\"Ali Kafie\"><\/a><div class=\"gt-name\">Ali Kafie<\/div><div class=\"gt-profession\">Bachiller en Ciencias y Letras <\/div><div class=\"gt-text\">Su pasi\u00f3n es poder crear un impacto en la vida de las personas a quienes ayuda.<\/div><\/div><\/div><\/div><\/div><div class=\"gt-col\"><div class=\"gt-inner\"><div class=\"gt-speaker gt-style-3\"><div class=\"gt-image\"><img loading=\"lazy\" decoding=\"async\" width=\"615\" height=\"640\" src=\"https:\/\/expofamilia.hn\/expofamilia.hn\/wp-content\/uploads\/2019\/08\/700-x-730-px-web-plantilla-12-de-agosto-12-615x640.jpg\" class=\"attachment-eventchamp-speaker size-eventchamp-speaker\" alt=\"\" 0=\"\" srcset=\"https:\/\/expofamilia.hn\/expofamilia.hn\/wp-content\/uploads\/2019\/08\/700-x-730-px-web-plantilla-12-de-agosto-12-615x640.jpg 615w, https:\/\/expofamilia.hn\/expofamilia.hn\/wp-content\/uploads\/2019\/08\/700-x-730-px-web-plantilla-12-de-agosto-12-288x300.jpg 288w, https:\/\/expofamilia.hn\/expofamilia.hn\/wp-content\/uploads\/2019\/08\/700-x-730-px-web-plantilla-12-de-agosto-12.jpg 701w\" sizes=\"auto, (max-width: 615px) 100vw, 615px\" \/><\/div><div class=\"gt-content\"><a href=\"https:\/\/expofamilia.hn\/expofamilia.hn\/speaker\/melissa-dacarett\/\" title=\"Melissa Dacarett\"><\/a><div class=\"gt-name\">Melissa Dacarett<\/div><div class=\"gt-profession\">Licenciada y Master en Administraci\u00f3n de Empresas <\/div><div class=\"gt-text\">Desde que descubr\u00ed el mundo Kanga me encant\u00f3 ya que me sent\u00ed muy identificada. <\/div><div class=\"gt-social-links\"><ul><li><a href=\"https:\/\/www.facebook.com\/Melissa.Kangatraining\/\" title=\"Facebook\" target=\"_blank\"><i class=\"fab fa-facebook-f\"><\/i><\/a><\/li><li><a href=\"https:\/\/www.instagram.com\/kangatraining_melissa\/?hl=es-la\" title=\"Instagram\" target=\"_blank\"><i class=\"fab fa-instagram\"><\/i><\/a><\/li><\/ul><\/div><\/div><\/div><\/div><\/div><div class=\"gt-col\"><div class=\"gt-inner\"><div class=\"gt-speaker gt-style-3\"><div class=\"gt-image\"><img loading=\"lazy\" decoding=\"async\" width=\"615\" height=\"640\" src=\"https:\/\/expofamilia.hn\/expofamilia.hn\/wp-content\/uploads\/2019\/07\/malucia-615x640.jpg\" class=\"attachment-eventchamp-speaker size-eventchamp-speaker\" alt=\"\" 0=\"\" \/><\/div><div class=\"gt-content\"><a href=\"https:\/\/expofamilia.hn\/expofamilia.hn\/speaker\/malucia\/\" title=\"Maluc\u00eda\"><\/a><div class=\"gt-name\">Maluc\u00eda<\/div><div class=\"gt-profession\">Chef<\/div><div class=\"gt-text\">Chef de un programa de tv sobre recetas,  a trav\u00e9s de sus cuentas sociales transmite sus otras facetas fuera de c\u00e1mara.<\/div><div class=\"gt-social-links\"><ul><li><a href=\"https:\/\/www.facebook.com\/maluciahn\/\" title=\"Facebook\" target=\"_blank\"><i class=\"fab fa-facebook-f\"><\/i><\/a><\/li><li><a href=\"https:\/\/instagram.com\/maluciahn?igshid=1j3c02naihnoj\" title=\"Instagram\" target=\"_blank\"><i class=\"fab fa-instagram\"><\/i><\/a><\/li><\/ul><\/div><\/div><\/div><\/div><\/div><div class=\"gt-col\"><div class=\"gt-inner\"><div class=\"gt-speaker gt-style-3\"><div class=\"gt-image\"><img loading=\"lazy\" decoding=\"async\" width=\"615\" height=\"640\" src=\"https:\/\/expofamilia.hn\/expofamilia.hn\/wp-content\/uploads\/2019\/07\/26238811_648515142205717_3005290318926867979_n-615x640.jpg\" class=\"attachment-eventchamp-speaker size-eventchamp-speaker\" alt=\"\" 0=\"\" \/><\/div><div class=\"gt-content\"><a href=\"https:\/\/expofamilia.hn\/expofamilia.hn\/speaker\/dessire-carias-its-a-mom\/\" title=\"Dessire Car\u00edas \u00abIt&#8217;s a Mom\u00bb\"><\/a><div class=\"gt-name\">Dessire Car\u00edas \u00abIt&#8217;s a Mom\u00bb<\/div><div class=\"gt-profession\">Blogger<\/div><div class=\"gt-text\">Dessire Car\u00edas es una Mom Blogger que orienta su canal de consejos pr\u00e1cticos para el d\u00eda a d\u00eda como Madre.<\/div><div class=\"gt-social-links\"><ul><li><a href=\"https:\/\/www.facebook.com\/ItsaMombyDess\/\" title=\"Facebook\" target=\"_blank\"><i class=\"fab fa-facebook-f\"><\/i><\/a><\/li><li><a href=\"https:\/\/instagram.com\/itsamom?igshid=1t6691zgbn2e6\" title=\"Instagram\" target=\"_blank\"><i class=\"fab fa-instagram\"><\/i><\/a><\/li><\/ul><\/div><\/div><\/div><\/div><\/div><div class=\"gt-col\"><div class=\"gt-inner\"><div class=\"gt-speaker gt-style-3\"><div class=\"gt-image\"><img loading=\"lazy\" decoding=\"async\" width=\"615\" height=\"640\" src=\"https:\/\/expofamilia.hn\/expofamilia.hn\/wp-content\/uploads\/2019\/07\/acae87bf-afac-4cda-8753-164d1e8e64fc-615x640.jpg\" class=\"attachment-eventchamp-speaker size-eventchamp-speaker\" alt=\"\" 0=\"\" \/><\/div><div class=\"gt-content\"><a href=\"https:\/\/expofamilia.hn\/expofamilia.hn\/speaker\/gina-valladares-es-la-mama-hn\/\" title=\"Gina Valladares\"><\/a><div class=\"gt-name\">Gina Valladares<\/div><div class=\"gt-profession\">Blogger<\/div><div class=\"gt-text\">&quot;Es la Mam\u00e1 HN&quot;, es una blogger con una caracter\u00edstica reflexiva, brinda una p\u00edldora espiritual para todos sus seguidores.<\/div><div class=\"gt-social-links\"><ul><li><a href=\"https:\/\/www.facebook.com\/eslamama504\/?ref=br_rs\" title=\"Facebook\" target=\"_blank\"><i class=\"fab fa-facebook-f\"><\/i><\/a><\/li><li><a href=\"https:\/\/instagram.com\/eslamamahn?igshid=1t3yiojl5dh2y\" title=\"Instagram\" target=\"_blank\"><i class=\"fab fa-instagram\"><\/i><\/a><\/li><\/ul><\/div><\/div><\/div><\/div><\/div><div class=\"gt-col\"><div class=\"gt-inner\"><div class=\"gt-speaker gt-style-3\"><div class=\"gt-image\"><img loading=\"lazy\" decoding=\"async\" width=\"615\" height=\"640\" src=\"https:\/\/expofamilia.hn\/expofamilia.hn\/wp-content\/uploads\/2019\/07\/LRM_EXPORT_99761252882255_20190110_090334710-615x640.jpeg\" class=\"attachment-eventchamp-speaker size-eventchamp-speaker\" alt=\"\" 0=\"\" \/><\/div><div class=\"gt-content\"><a href=\"https:\/\/expofamilia.hn\/expofamilia.hn\/speaker\/andrea-hernandez\/\" title=\"Andrea Hern\u00e1ndez\"><\/a><div class=\"gt-name\">Andrea Hern\u00e1ndez<\/div><div class=\"gt-profession\">Abogada y comunicadora.<\/div><div class=\"gt-text\">Hondure\u00f1a, amante de las leyes, los deportes, la moda, futura master chef, presentadora de televisi\u00f3n y mam\u00e1 tambi\u00e9n.<\/div><div class=\"gt-social-links\"><ul><li><a href=\"https:\/\/www.facebook.com\/ahernandezhn\/\" title=\"Facebook\" target=\"_blank\"><i class=\"fab fa-facebook-f\"><\/i><\/a><\/li><li><a href=\"https:\/\/www.instagram.com\/ahernandezhn\/\" title=\"Instagram\" target=\"_blank\"><i class=\"fab fa-instagram\"><\/i><\/a><\/li><\/ul><\/div><\/div><\/div><\/div><\/div><div class=\"gt-col\"><div class=\"gt-inner\"><div class=\"gt-speaker gt-style-3\"><div class=\"gt-image\"><img loading=\"lazy\" decoding=\"async\" width=\"615\" height=\"640\" src=\"https:\/\/expofamilia.hn\/expofamilia.hn\/wp-content\/uploads\/2019\/07\/TU-VIDA-EN-BALANCE_03-1-615x640.jpg\" class=\"attachment-eventchamp-speaker size-eventchamp-speaker\" alt=\"\" 0=\"\" \/><\/div><div class=\"gt-content\"><a href=\"https:\/\/expofamilia.hn\/expofamilia.hn\/speaker\/mireya-nasser\/\" title=\"Mireya Nasser\"><\/a><div class=\"gt-name\">Mireya Nasser<\/div><div class=\"gt-profession\">Nutri\u00f3loga<\/div><div class=\"gt-text\">Practico nutrici\u00f3n hol\u00edstica, que significa que miro todas las \u00e1reas de tu vida y como est\u00e1n conectadas. <\/div><div class=\"gt-social-links\"><ul><li><a href=\"https:\/\/www.facebook.com\/mireyahealthcoach\/\" title=\"Facebook\" target=\"_blank\"><i class=\"fab fa-facebook-f\"><\/i><\/a><\/li><li><a href=\"https:\/\/www.instagram.com\/tuvidaenbalance\/?igshid=o81wr8a9o40i\" title=\"Instagram\" target=\"_blank\"><i class=\"fab fa-instagram\"><\/i><\/a><\/li><\/ul><\/div><\/div><\/div><\/div><\/div><div class=\"gt-col\"><div class=\"gt-inner\"><div class=\"gt-speaker gt-style-3\"><div class=\"gt-image\"><img loading=\"lazy\" decoding=\"async\" width=\"615\" height=\"640\" src=\"https:\/\/expofamilia.hn\/expofamilia.hn\/wp-content\/uploads\/2019\/07\/ALIMENTA-TU-NUTRICION_DANIELA-MISAS_01-1-615x640.jpg\" class=\"attachment-eventchamp-speaker size-eventchamp-speaker\" alt=\"\" 0=\"\" \/><\/div><div class=\"gt-content\"><a href=\"https:\/\/expofamilia.hn\/expofamilia.hn\/speaker\/daniela-misas\/\" title=\"Daniela Misas\"><\/a><div class=\"gt-name\">Daniela Misas<\/div><div class=\"gt-profession\">Nutri\u00f3loga<\/div><div class=\"gt-text\">Administradora de Empresas y Mercadeo en la Universidad de Harding y Licencia de Health Coach del Institute for Integrative Nutrition de New York.<\/div><div class=\"gt-social-links\"><ul><li><a href=\"https:\/\/www.facebook.com\/danielamisasATN\/\" title=\"Facebook\" target=\"_blank\"><i class=\"fab fa-facebook-f\"><\/i><\/a><\/li><li><a href=\"https:\/\/instagram.com\/daniela_misas?igshid=1j8jifs0gbow\" title=\"Instagram\" target=\"_blank\"><i class=\"fab fa-instagram\"><\/i><\/a><\/li><\/ul><\/div><\/div><\/div><\/div><\/div><div class=\"gt-col\"><div class=\"gt-inner\"><div class=\"gt-speaker gt-style-3\"><div class=\"gt-image\"><img loading=\"lazy\" decoding=\"async\" width=\"615\" height=\"640\" src=\"https:\/\/expofamilia.hn\/expofamilia.hn\/wp-content\/uploads\/2018\/11\/327548e3-f34e-4e51-a9a4-ce582a0b1c0e-615x640.jpg\" class=\"attachment-eventchamp-speaker size-eventchamp-speaker\" alt=\"\" 0=\"\" \/><\/div><div class=\"gt-content\"><a href=\"https:\/\/expofamilia.hn\/expofamilia.hn\/speaker\/melissa-valeriano\/\" title=\"Melissa Valeriano\"><\/a><div class=\"gt-name\">Melissa Valeriano<\/div><div class=\"gt-profession\">Presentadora<\/div><div class=\"gt-text\">Directora y Presentadora de la revista social Gente <\/div><div class=\"gt-social-links\"><ul><li><a href=\"https:\/\/www.instagram.com\/melissavaleriano\/\" title=\"Instagram\" target=\"_blank\"><i class=\"fab fa-instagram\"><\/i><\/a><\/li><\/ul><\/div><\/div><\/div><\/div><\/div><\/div><\/div>[\/vc_column][\/vc_row][vc_row][vc_column][\/vc_column][\/vc_row]<\/p>\n","protected":false},"excerpt":{"rendered":"<p>[vc_row][vc_column][vc_empty_space height=\u00bb100px\u00bb][\/vc_column][\/vc_row][vc_row][vc_column][vc_empty_space height=\u00bb100px\u00bb][\/vc_column][\/vc_row][vc_row][vc_column][\/vc_column][\/vc_row]<\/p>\n","protected":false},"author":3,"featured_media":0,"parent":0,"menu_order":0,"comment_status":"closed","ping_status":"closed","template":"","meta":{"footnotes":""},"class_list":["post-3042","page","type-page","status-publish","hentry"],"_links":{"self":[{"href":"https:\/\/expofamilia.hn\/expofamilia.hn\/wp-json\/wp\/v2\/pages\/3042","targetHints":{"allow":["GET"]}}],"collection":[{"href":"https:\/\/expofamilia.hn\/expofamilia.hn\/wp-json\/wp\/v2\/pages"}],"about":[{"href":"https:\/\/expofamilia.hn\/expofamilia.hn\/wp-json\/wp\/v2\/types\/page"}],"author":[{"embeddable":true,"href":"https:\/\/expofamilia.hn\/expofamilia.hn\/wp-json\/wp\/v2\/users\/3"}],"replies":[{"embeddable":true,"href":"https:\/\/expofamilia.hn\/expofamilia.hn\/wp-json\/wp\/v2\/comments?post=3042"}],"version-history":[{"count":9,"href":"https:\/\/expofamilia.hn\/expofamilia.hn\/wp-json\/wp\/v2\/pages\/3042\/revisions"}],"predecessor-version":[{"id":5512,"href":"https:\/\/expofamilia.hn\/expofamilia.hn\/wp-json\/wp\/v2\/pages\/3042\/revisions\/5512"}],"wp:attachment":[{"href":"https:\/\/expofamilia.hn\/expofamilia.hn\/wp-json\/wp\/v2\/media?parent=3042"}],"curies":[{"name":"wp","href":"https:\/\/api.w.org\/{rel}","templated":true}]}}