{"id":5553,"date":"2019-11-26T18:50:59","date_gmt":"2019-11-27T00:50:59","guid":{"rendered":"https:\/\/expofamilia.hn\/expofamilia.hn\/?page_id=5553"},"modified":"2022-07-29T15:48:04","modified_gmt":"2022-07-29T21:48:04","slug":"edicion-i-2019","status":"publish","type":"page","link":"https:\/\/expofamilia.hn\/expofamilia.hn\/edicion-i-2019\/","title":{"rendered":"Edici\u00f3n 2019"},"content":{"rendered":"<p>[vc_row full_width=\u00bbstretch_row_content_no_spaces\u00bb][vc_column][vc_images_carousel images=\u00bb5405,5409,5410,5412,5414,5415,5416,5417,5418,5419,5420,5421,5422,5423,5424,5425,5404,5411,5407&#8243; img_size=\u00bbfull\u00bb slides_per_view=\u00bb3&#8243; autoplay=\u00bbyes\u00bb wrap=\u00bbyes\u00bb][\/vc_column][\/vc_row][vc_row el_id=\u00bbAbout\u00bb][vc_column][vc_empty_space height=\u00bb110px\u00bb]<div class=\"gt-heading gt-dark gt-size1 gt-center\"><div class=\"gt-title\">Sobre <span>EXPOFAMILIA<\/span><\/div><div class=\"gt-separate\"><i class=\"fas fa-cubes\" aria-hidden=\"true\"><\/i><\/div><div class=\"gt-text\">TVC ofrecer\u00e1 un d\u00eda maravilloso de juegos, m\u00fasica, conferencias, experiencia, diversi\u00f3n, gastronom\u00eda, exposici\u00f3n de productos y opciones para que TODOS pasen una jornada genial en el mes de la familia este 31 de agosto en el Polideportivo de la UNAH en Tegucigalpa, Honduras.<\/div><\/div>[vc_empty_space height=\u00bb105px\u00bb][vc_row_inner gap=\u00bb25&#8243;][vc_column_inner width=\u00bb1\/2&#8243; offset=\u00bbvc_col-lg-3 vc_col-md-3 vc_col-xs-12&#8243;]<div class=\"gt-eventchamp-service-box\"><i class=\"fas fa-dice\"><\/i><div class=\"title\"><a href=\"https:\/\/www.facebook.com\/expofamiliahn\/videos\/2647487998597487\/?__tn__=%2Cd%2CP-R&#038;eid=ARCbdb1THYg2B2sdX11kclU53tvu2-sNuR6rIUhv_ce4dJ4BLpdhsMfmvSL5gIjjcPoTgwzEhrW-GvX0\" title=\"Atracciones\" target=\" _blank\" class=\"button-link\">Atracciones<\/a><\/div><p>Hay actividades para cada miembro de la familia, descubre cual es la tuya y no faltes.<\/p><\/div>[vc_empty_space height=\u00bb30px\u00bb][\/vc_column_inner][vc_column_inner width=\u00bb1\/2&#8243; offset=\u00bbvc_col-lg-3 vc_col-md-3 vc_col-xs-12&#8243;]<div class=\"gt-eventchamp-service-box\"><i class=\"fas fa-music\"><\/i><div class=\"title\"><a href=\"https:\/\/expofamilia.hn\/expofamilia.hn\/actividades\/\" title=\"Presentaciones Art\u00edsticas\" target=\"_parent\" class=\"button-link\">Presentaciones Art\u00edsticas<\/a><\/div><p>Conciertos, grupos colegiales de talento y mucha diversi\u00f3n, mira quienes estar\u00e1n.<\/p><\/div>[vc_empty_space height=\u00bb30px\u00bb][\/vc_column_inner][vc_column_inner width=\u00bb1\/2&#8243; offset=\u00bbvc_col-lg-3 vc_col-md-3 vc_col-xs-12&#8243;]<div class=\"gt-eventchamp-service-box\"><i class=\"fas fa-clipboard\"><\/i><div class=\"title\"><a href=\"https:\/\/www.facebook.com\/expofamiliahn\/videos\/466341927524157\/\" title=\"Conferencias\" target=\" _blank\" class=\"button-link\">Conferencias<\/a><\/div><p>Tendremos muchos consejos, charlas y conversatorios, dale click para ver cual es de tu inter\u00e9s.<\/p><\/div>[vc_empty_space height=\u00bb30px\u00bb][\/vc_column_inner][vc_column_inner width=\u00bb1\/2&#8243; offset=\u00bbvc_col-lg-3 vc_col-md-3 vc_col-xs-12&#8243;]<div class=\"gt-eventchamp-service-box\"><i class=\"far fa-calendar-alt\"><\/i><div class=\"title\"><a href=\"https:\/\/expofamilia.hn\/expofamilia.hn\/actividades\/\" title=\"Horarios\" target=\"_parent\" class=\"button-link\">Horarios<\/a><\/div><p>Mira nuestros horarios y te esperamos el 31 de agosto con toda tu familia.<\/p><\/div>[vc_empty_space height=\u00bb30px\u00bb][\/vc_column_inner][\/vc_row_inner][vc_empty_space height=\u00bb45px\u00bb][vc_column_text css=\u00bb.vc_custom_1562633732199{margin-bottom: 0px !important;}\u00bb]<\/p>\n<p style=\"text-align: center; margin: 0px; font-size: 20px;\">\u201cSomos m\u00e1s que una Feria Familiar, somos <strong>EXPOFAMILIA<\/strong> una experiencia donde hasta los m\u00e1s grandes se <strong>divierten<\/strong>.\u201d<\/p>\n<p>[\/vc_column_text][vc_empty_space height=\u00bb115px\u00bb][\/vc_column][\/vc_row][vc_row full_width=\u00bbstretch_row\u00bb css=\u00bb.vc_custom_1563043221750{background-color: #f9f9f9 !important;}\u00bb el_id=\u00bbexpositores\u00bb][vc_column][vc_empty_space height=\u00bb75px\u00bb]<div class=\"gt-heading gt-dark gt-size1 gt-center\"><div class=\"gt-title\">NUESTRAS <span>CONFERENCISTAS<\/span><\/div><div class=\"gt-separate\"><i class=\"fas fa-users\" aria-hidden=\"true\"><\/i><\/div><div class=\"gt-text\">Figuras destacadas de diferentes \u00e1mbitos nos acompa\u00f1ara en Expofamilia y compartir\u00e1n temas y actividades fabulosas y \u00fatiles.<\/div><\/div>[vc_empty_space height=\u00bb115px\u00bb]<div class=\"gt-get-event-content\"><div class=\"gt-speakers gt-columns gt-column-3 gt-column-space-30\"><div class=\"gt-col\"><div class=\"gt-inner\"><div class=\"gt-speaker gt-style-4\"><div class=\"gt-image\"><a href=\"https:\/\/expofamilia.hn\/expofamilia.hn\/speaker\/mommy-daily\/\" title=\"Mommy Daily\"><img loading=\"lazy\" decoding=\"async\" width=\"350\" height=\"350\" src=\"https:\/\/expofamilia.hn\/expofamilia.hn\/wp-content\/uploads\/2019\/08\/WhatsApp-Image-2019-08-25-at-4.31.56-PM-2-350x350.jpeg\" class=\"attachment-eventchamp-thumbnail size-eventchamp-thumbnail\" alt=\"\" 0=\"\" srcset=\"https:\/\/expofamilia.hn\/expofamilia.hn\/wp-content\/uploads\/2019\/08\/WhatsApp-Image-2019-08-25-at-4.31.56-PM-2-350x350.jpeg 350w, https:\/\/expofamilia.hn\/expofamilia.hn\/wp-content\/uploads\/2019\/08\/WhatsApp-Image-2019-08-25-at-4.31.56-PM-2-150x150.jpeg 150w, https:\/\/expofamilia.hn\/expofamilia.hn\/wp-content\/uploads\/2019\/08\/WhatsApp-Image-2019-08-25-at-4.31.56-PM-2-85x85.jpeg 85w\" sizes=\"auto, (max-width: 350px) 100vw, 350px\" \/><\/a><\/div><div class=\"gt-content\"><a href=\"https:\/\/expofamilia.hn\/expofamilia.hn\/speaker\/mommy-daily\/\" title=\"Mommy Daily\"><\/a><div class=\"gt-name\"><a href=\"https:\/\/expofamilia.hn\/expofamilia.hn\/speaker\/mommy-daily\/\" title=\"Mommy Daily\">Mommy Daily<\/a><\/div><div class=\"gt-text\">Mommy Daily es una comunidad de mam\u00e1s hondure\u00f1as y mujeres emprendedoras<\/div><div class=\"gt-social-links\"><ul><li><a href=\"https:\/\/es-la.facebook.com\/mommydailyhn\/\" title=\"Facebook\" target=\"_blank\"><i class=\"fab fa-facebook-f\"><\/i><\/a><\/li><\/ul><\/div><\/div><\/div><\/div><\/div><div class=\"gt-col\"><div class=\"gt-inner\"><div class=\"gt-speaker gt-style-4\"><div class=\"gt-image\"><a href=\"https:\/\/expofamilia.hn\/expofamilia.hn\/speaker\/ali-kafie\/\" title=\"Ali Kafie\"><img loading=\"lazy\" decoding=\"async\" width=\"350\" height=\"350\" src=\"https:\/\/expofamilia.hn\/expofamilia.hn\/wp-content\/uploads\/2019\/08\/700-x-730-px-web-plantilla-12-de-agosto-02-350x350.jpg\" class=\"attachment-eventchamp-thumbnail size-eventchamp-thumbnail\" alt=\"\" 0=\"\" srcset=\"https:\/\/expofamilia.hn\/expofamilia.hn\/wp-content\/uploads\/2019\/08\/700-x-730-px-web-plantilla-12-de-agosto-02-350x350.jpg 350w, https:\/\/expofamilia.hn\/expofamilia.hn\/wp-content\/uploads\/2019\/08\/700-x-730-px-web-plantilla-12-de-agosto-02-150x150.jpg 150w, https:\/\/expofamilia.hn\/expofamilia.hn\/wp-content\/uploads\/2019\/08\/700-x-730-px-web-plantilla-12-de-agosto-02-85x85.jpg 85w\" sizes=\"auto, (max-width: 350px) 100vw, 350px\" \/><\/a><\/div><div class=\"gt-content\"><a href=\"https:\/\/expofamilia.hn\/expofamilia.hn\/speaker\/ali-kafie\/\" title=\"Ali Kafie\"><\/a><div class=\"gt-name\"><a href=\"https:\/\/expofamilia.hn\/expofamilia.hn\/speaker\/ali-kafie\/\" title=\"Ali Kafie\">Ali Kafie<\/a><\/div><div class=\"gt-text\">Su pasi\u00f3n es poder crear un impacto en la vida de las personas a quienes ayuda.<\/div><\/div><\/div><\/div><\/div><div class=\"gt-col\"><div class=\"gt-inner\"><div class=\"gt-speaker gt-style-4\"><div class=\"gt-image\"><a href=\"https:\/\/expofamilia.hn\/expofamilia.hn\/speaker\/melissa-dacarett\/\" title=\"Melissa Dacarett\"><img loading=\"lazy\" decoding=\"async\" width=\"350\" height=\"350\" src=\"https:\/\/expofamilia.hn\/expofamilia.hn\/wp-content\/uploads\/2019\/08\/700-x-730-px-web-plantilla-12-de-agosto-12-350x350.jpg\" class=\"attachment-eventchamp-thumbnail size-eventchamp-thumbnail\" alt=\"\" 0=\"\" srcset=\"https:\/\/expofamilia.hn\/expofamilia.hn\/wp-content\/uploads\/2019\/08\/700-x-730-px-web-plantilla-12-de-agosto-12-350x350.jpg 350w, https:\/\/expofamilia.hn\/expofamilia.hn\/wp-content\/uploads\/2019\/08\/700-x-730-px-web-plantilla-12-de-agosto-12-150x150.jpg 150w, https:\/\/expofamilia.hn\/expofamilia.hn\/wp-content\/uploads\/2019\/08\/700-x-730-px-web-plantilla-12-de-agosto-12-85x85.jpg 85w\" sizes=\"auto, (max-width: 350px) 100vw, 350px\" \/><\/a><\/div><div class=\"gt-content\"><a href=\"https:\/\/expofamilia.hn\/expofamilia.hn\/speaker\/melissa-dacarett\/\" title=\"Melissa Dacarett\"><\/a><div class=\"gt-name\"><a href=\"https:\/\/expofamilia.hn\/expofamilia.hn\/speaker\/melissa-dacarett\/\" title=\"Melissa Dacarett\">Melissa Dacarett<\/a><\/div><div class=\"gt-text\">Desde que descubr\u00ed el mundo Kanga me encant\u00f3 ya que me sent\u00ed muy identificada. <\/div><div class=\"gt-social-links\"><ul><li><a href=\"https:\/\/www.facebook.com\/Melissa.Kangatraining\/\" title=\"Facebook\" target=\"_blank\"><i class=\"fab fa-facebook-f\"><\/i><\/a><\/li><li><a href=\"https:\/\/www.instagram.com\/kangatraining_melissa\/?hl=es-la\" title=\"Instagram\" target=\"_blank\"><i class=\"fab fa-instagram\"><\/i><\/a><\/li><\/ul><\/div><\/div><\/div><\/div><\/div><div class=\"gt-col\"><div class=\"gt-inner\"><div class=\"gt-speaker gt-style-4\"><div class=\"gt-image\"><a href=\"https:\/\/expofamilia.hn\/expofamilia.hn\/speaker\/malucia\/\" title=\"Maluc\u00eda\"><img loading=\"lazy\" decoding=\"async\" width=\"350\" height=\"350\" src=\"https:\/\/expofamilia.hn\/expofamilia.hn\/wp-content\/uploads\/2019\/07\/malucia-350x350.jpg\" class=\"attachment-eventchamp-thumbnail size-eventchamp-thumbnail\" alt=\"\" 0=\"\" srcset=\"https:\/\/expofamilia.hn\/expofamilia.hn\/wp-content\/uploads\/2019\/07\/malucia-350x350.jpg 350w, https:\/\/expofamilia.hn\/expofamilia.hn\/wp-content\/uploads\/2019\/07\/malucia-150x150.jpg 150w, https:\/\/expofamilia.hn\/expofamilia.hn\/wp-content\/uploads\/2019\/07\/malucia-300x300.jpg 300w, https:\/\/expofamilia.hn\/expofamilia.hn\/wp-content\/uploads\/2019\/07\/malucia-768x766.jpg 768w, https:\/\/expofamilia.hn\/expofamilia.hn\/wp-content\/uploads\/2019\/07\/malucia-85x85.jpg 85w, https:\/\/expofamilia.hn\/expofamilia.hn\/wp-content\/uploads\/2019\/07\/malucia.jpg 802w\" sizes=\"auto, (max-width: 350px) 100vw, 350px\" \/><\/a><\/div><div class=\"gt-content\"><a href=\"https:\/\/expofamilia.hn\/expofamilia.hn\/speaker\/malucia\/\" title=\"Maluc\u00eda\"><\/a><div class=\"gt-name\"><a href=\"https:\/\/expofamilia.hn\/expofamilia.hn\/speaker\/malucia\/\" title=\"Maluc\u00eda\">Maluc\u00eda<\/a><\/div><div class=\"gt-text\">Chef de un programa de tv sobre recetas,  a trav\u00e9s de sus cuentas sociales transmite sus otras facetas fuera de c\u00e1mara.<\/div><div class=\"gt-social-links\"><ul><li><a href=\"https:\/\/www.facebook.com\/maluciahn\/\" title=\"Facebook\" target=\"_blank\"><i class=\"fab fa-facebook-f\"><\/i><\/a><\/li><li><a href=\"https:\/\/instagram.com\/maluciahn?igshid=1j3c02naihnoj\" title=\"Instagram\" target=\"_blank\"><i class=\"fab fa-instagram\"><\/i><\/a><\/li><\/ul><\/div><\/div><\/div><\/div><\/div><div class=\"gt-col\"><div class=\"gt-inner\"><div class=\"gt-speaker gt-style-4\"><div class=\"gt-image\"><a href=\"https:\/\/expofamilia.hn\/expofamilia.hn\/speaker\/dessire-carias-its-a-mom\/\" title=\"Dessire Car\u00edas \u00abIt&#8217;s a Mom\u00bb\"><img loading=\"lazy\" decoding=\"async\" width=\"350\" height=\"350\" src=\"https:\/\/expofamilia.hn\/expofamilia.hn\/wp-content\/uploads\/2019\/07\/26238811_648515142205717_3005290318926867979_n-350x350.jpg\" class=\"attachment-eventchamp-thumbnail size-eventchamp-thumbnail\" alt=\"\" 0=\"\" srcset=\"https:\/\/expofamilia.hn\/expofamilia.hn\/wp-content\/uploads\/2019\/07\/26238811_648515142205717_3005290318926867979_n-350x350.jpg 350w, https:\/\/expofamilia.hn\/expofamilia.hn\/wp-content\/uploads\/2019\/07\/26238811_648515142205717_3005290318926867979_n-150x150.jpg 150w, https:\/\/expofamilia.hn\/expofamilia.hn\/wp-content\/uploads\/2019\/07\/26238811_648515142205717_3005290318926867979_n-300x300.jpg 300w, https:\/\/expofamilia.hn\/expofamilia.hn\/wp-content\/uploads\/2019\/07\/26238811_648515142205717_3005290318926867979_n-768x767.jpg 768w, https:\/\/expofamilia.hn\/expofamilia.hn\/wp-content\/uploads\/2019\/07\/26238811_648515142205717_3005290318926867979_n-85x85.jpg 85w, https:\/\/expofamilia.hn\/expofamilia.hn\/wp-content\/uploads\/2019\/07\/26238811_648515142205717_3005290318926867979_n.jpg 960w\" sizes=\"auto, (max-width: 350px) 100vw, 350px\" \/><\/a><\/div><div class=\"gt-content\"><a href=\"https:\/\/expofamilia.hn\/expofamilia.hn\/speaker\/dessire-carias-its-a-mom\/\" title=\"Dessire Car\u00edas \u00abIt&#8217;s a Mom\u00bb\"><\/a><div class=\"gt-name\"><a href=\"https:\/\/expofamilia.hn\/expofamilia.hn\/speaker\/dessire-carias-its-a-mom\/\" title=\"Dessire Car\u00edas \u00abIt&#8217;s a Mom\u00bb\">Dessire Car\u00edas \u00abIt&#8217;s a Mom\u00bb<\/a><\/div><div class=\"gt-text\">Dessire Car\u00edas es una Mom Blogger que orienta su canal de consejos pr\u00e1cticos para el d\u00eda a d\u00eda como Madre.<\/div><div class=\"gt-social-links\"><ul><li><a href=\"https:\/\/www.facebook.com\/ItsaMombyDess\/\" title=\"Facebook\" target=\"_blank\"><i class=\"fab fa-facebook-f\"><\/i><\/a><\/li><li><a href=\"https:\/\/instagram.com\/itsamom?igshid=1t6691zgbn2e6\" title=\"Instagram\" target=\"_blank\"><i class=\"fab fa-instagram\"><\/i><\/a><\/li><\/ul><\/div><\/div><\/div><\/div><\/div><div class=\"gt-col\"><div class=\"gt-inner\"><div class=\"gt-speaker gt-style-4\"><div class=\"gt-image\"><a href=\"https:\/\/expofamilia.hn\/expofamilia.hn\/speaker\/gina-valladares-es-la-mama-hn\/\" title=\"Gina Valladares\"><img loading=\"lazy\" decoding=\"async\" width=\"350\" height=\"350\" src=\"https:\/\/expofamilia.hn\/expofamilia.hn\/wp-content\/uploads\/2019\/07\/acae87bf-afac-4cda-8753-164d1e8e64fc-350x350.jpg\" class=\"attachment-eventchamp-thumbnail size-eventchamp-thumbnail\" alt=\"\" 0=\"\" srcset=\"https:\/\/expofamilia.hn\/expofamilia.hn\/wp-content\/uploads\/2019\/07\/acae87bf-afac-4cda-8753-164d1e8e64fc-350x350.jpg 350w, https:\/\/expofamilia.hn\/expofamilia.hn\/wp-content\/uploads\/2019\/07\/acae87bf-afac-4cda-8753-164d1e8e64fc-150x150.jpg 150w, https:\/\/expofamilia.hn\/expofamilia.hn\/wp-content\/uploads\/2019\/07\/acae87bf-afac-4cda-8753-164d1e8e64fc-300x300.jpg 300w, https:\/\/expofamilia.hn\/expofamilia.hn\/wp-content\/uploads\/2019\/07\/acae87bf-afac-4cda-8753-164d1e8e64fc-768x768.jpg 768w, https:\/\/expofamilia.hn\/expofamilia.hn\/wp-content\/uploads\/2019\/07\/acae87bf-afac-4cda-8753-164d1e8e64fc-1024x1024.jpg 1024w, https:\/\/expofamilia.hn\/expofamilia.hn\/wp-content\/uploads\/2019\/07\/acae87bf-afac-4cda-8753-164d1e8e64fc-85x85.jpg 85w, https:\/\/expofamilia.hn\/expofamilia.hn\/wp-content\/uploads\/2019\/07\/acae87bf-afac-4cda-8753-164d1e8e64fc.jpg 1080w\" sizes=\"auto, (max-width: 350px) 100vw, 350px\" \/><\/a><\/div><div class=\"gt-content\"><a href=\"https:\/\/expofamilia.hn\/expofamilia.hn\/speaker\/gina-valladares-es-la-mama-hn\/\" title=\"Gina Valladares\"><\/a><div class=\"gt-name\"><a href=\"https:\/\/expofamilia.hn\/expofamilia.hn\/speaker\/gina-valladares-es-la-mama-hn\/\" title=\"Gina Valladares\">Gina Valladares<\/a><\/div><div class=\"gt-text\">&quot;Es la Mam\u00e1 HN&quot;, es una blogger con una caracter\u00edstica reflexiva, brinda una p\u00edldora espiritual para todos sus seguidores.<\/div><div class=\"gt-social-links\"><ul><li><a href=\"https:\/\/www.facebook.com\/eslamama504\/?ref=br_rs\" title=\"Facebook\" target=\"_blank\"><i class=\"fab fa-facebook-f\"><\/i><\/a><\/li><li><a href=\"https:\/\/instagram.com\/eslamamahn?igshid=1t3yiojl5dh2y\" title=\"Instagram\" target=\"_blank\"><i class=\"fab fa-instagram\"><\/i><\/a><\/li><\/ul><\/div><\/div><\/div><\/div><\/div><div class=\"gt-col\"><div class=\"gt-inner\"><div class=\"gt-speaker gt-style-4\"><div class=\"gt-image\"><a href=\"https:\/\/expofamilia.hn\/expofamilia.hn\/speaker\/andrea-hernandez\/\" title=\"Andrea Hern\u00e1ndez\"><img loading=\"lazy\" decoding=\"async\" width=\"350\" height=\"350\" src=\"https:\/\/expofamilia.hn\/expofamilia.hn\/wp-content\/uploads\/2019\/07\/LRM_EXPORT_99761252882255_20190110_090334710-350x350.jpeg\" class=\"attachment-eventchamp-thumbnail size-eventchamp-thumbnail\" alt=\"\" 0=\"\" srcset=\"https:\/\/expofamilia.hn\/expofamilia.hn\/wp-content\/uploads\/2019\/07\/LRM_EXPORT_99761252882255_20190110_090334710-350x350.jpeg 350w, https:\/\/expofamilia.hn\/expofamilia.hn\/wp-content\/uploads\/2019\/07\/LRM_EXPORT_99761252882255_20190110_090334710-150x150.jpeg 150w, https:\/\/expofamilia.hn\/expofamilia.hn\/wp-content\/uploads\/2019\/07\/LRM_EXPORT_99761252882255_20190110_090334710-85x85.jpeg 85w\" sizes=\"auto, (max-width: 350px) 100vw, 350px\" \/><\/a><\/div><div class=\"gt-content\"><a href=\"https:\/\/expofamilia.hn\/expofamilia.hn\/speaker\/andrea-hernandez\/\" title=\"Andrea Hern\u00e1ndez\"><\/a><div class=\"gt-name\"><a href=\"https:\/\/expofamilia.hn\/expofamilia.hn\/speaker\/andrea-hernandez\/\" title=\"Andrea Hern\u00e1ndez\">Andrea Hern\u00e1ndez<\/a><\/div><div class=\"gt-text\">Hondure\u00f1a, amante de las leyes, los deportes, la moda, futura master chef, presentadora de televisi\u00f3n y mam\u00e1 tambi\u00e9n.<\/div><div class=\"gt-social-links\"><ul><li><a href=\"https:\/\/www.facebook.com\/ahernandezhn\/\" title=\"Facebook\" target=\"_blank\"><i class=\"fab fa-facebook-f\"><\/i><\/a><\/li><li><a href=\"https:\/\/www.instagram.com\/ahernandezhn\/\" title=\"Instagram\" target=\"_blank\"><i class=\"fab fa-instagram\"><\/i><\/a><\/li><\/ul><\/div><\/div><\/div><\/div><\/div><div class=\"gt-col\"><div class=\"gt-inner\"><div class=\"gt-speaker gt-style-4\"><div class=\"gt-image\"><a href=\"https:\/\/expofamilia.hn\/expofamilia.hn\/speaker\/mireya-nasser\/\" title=\"Mireya Nasser\"><img loading=\"lazy\" decoding=\"async\" width=\"350\" height=\"350\" src=\"https:\/\/expofamilia.hn\/expofamilia.hn\/wp-content\/uploads\/2019\/07\/TU-VIDA-EN-BALANCE_03-1-350x350.jpg\" class=\"attachment-eventchamp-thumbnail size-eventchamp-thumbnail\" alt=\"\" 0=\"\" srcset=\"https:\/\/expofamilia.hn\/expofamilia.hn\/wp-content\/uploads\/2019\/07\/TU-VIDA-EN-BALANCE_03-1-350x350.jpg 350w, https:\/\/expofamilia.hn\/expofamilia.hn\/wp-content\/uploads\/2019\/07\/TU-VIDA-EN-BALANCE_03-1-150x150.jpg 150w, https:\/\/expofamilia.hn\/expofamilia.hn\/wp-content\/uploads\/2019\/07\/TU-VIDA-EN-BALANCE_03-1-85x85.jpg 85w\" sizes=\"auto, (max-width: 350px) 100vw, 350px\" \/><\/a><\/div><div class=\"gt-content\"><a href=\"https:\/\/expofamilia.hn\/expofamilia.hn\/speaker\/mireya-nasser\/\" title=\"Mireya Nasser\"><\/a><div class=\"gt-name\"><a href=\"https:\/\/expofamilia.hn\/expofamilia.hn\/speaker\/mireya-nasser\/\" title=\"Mireya Nasser\">Mireya Nasser<\/a><\/div><div class=\"gt-text\">Practico nutrici\u00f3n hol\u00edstica, que significa que miro todas las \u00e1reas de tu vida y como est\u00e1n conectadas. <\/div><div class=\"gt-social-links\"><ul><li><a href=\"https:\/\/www.facebook.com\/mireyahealthcoach\/\" title=\"Facebook\" target=\"_blank\"><i class=\"fab fa-facebook-f\"><\/i><\/a><\/li><li><a href=\"https:\/\/www.instagram.com\/tuvidaenbalance\/?igshid=o81wr8a9o40i\" title=\"Instagram\" target=\"_blank\"><i class=\"fab fa-instagram\"><\/i><\/a><\/li><\/ul><\/div><\/div><\/div><\/div><\/div><div class=\"gt-col\"><div class=\"gt-inner\"><div class=\"gt-speaker gt-style-4\"><div class=\"gt-image\"><a href=\"https:\/\/expofamilia.hn\/expofamilia.hn\/speaker\/daniela-misas\/\" title=\"Daniela Misas\"><img loading=\"lazy\" decoding=\"async\" width=\"350\" height=\"350\" src=\"https:\/\/expofamilia.hn\/expofamilia.hn\/wp-content\/uploads\/2019\/07\/ALIMENTA-TU-NUTRICION_DANIELA-MISAS_01-1-350x350.jpg\" class=\"attachment-eventchamp-thumbnail size-eventchamp-thumbnail\" alt=\"\" 0=\"\" srcset=\"https:\/\/expofamilia.hn\/expofamilia.hn\/wp-content\/uploads\/2019\/07\/ALIMENTA-TU-NUTRICION_DANIELA-MISAS_01-1-350x350.jpg 350w, https:\/\/expofamilia.hn\/expofamilia.hn\/wp-content\/uploads\/2019\/07\/ALIMENTA-TU-NUTRICION_DANIELA-MISAS_01-1-150x150.jpg 150w, https:\/\/expofamilia.hn\/expofamilia.hn\/wp-content\/uploads\/2019\/07\/ALIMENTA-TU-NUTRICION_DANIELA-MISAS_01-1-300x300.jpg 300w, https:\/\/expofamilia.hn\/expofamilia.hn\/wp-content\/uploads\/2019\/07\/ALIMENTA-TU-NUTRICION_DANIELA-MISAS_01-1-768x768.jpg 768w, https:\/\/expofamilia.hn\/expofamilia.hn\/wp-content\/uploads\/2019\/07\/ALIMENTA-TU-NUTRICION_DANIELA-MISAS_01-1-85x85.jpg 85w, https:\/\/expofamilia.hn\/expofamilia.hn\/wp-content\/uploads\/2019\/07\/ALIMENTA-TU-NUTRICION_DANIELA-MISAS_01-1.jpg 960w\" sizes=\"auto, (max-width: 350px) 100vw, 350px\" \/><\/a><\/div><div class=\"gt-content\"><a href=\"https:\/\/expofamilia.hn\/expofamilia.hn\/speaker\/daniela-misas\/\" title=\"Daniela Misas\"><\/a><div class=\"gt-name\"><a href=\"https:\/\/expofamilia.hn\/expofamilia.hn\/speaker\/daniela-misas\/\" title=\"Daniela Misas\">Daniela Misas<\/a><\/div><div class=\"gt-text\">Administradora de Empresas y Mercadeo en la Universidad de Harding y Licencia de Health Coach del Institute for Integrative Nutrition de New York.<\/div><div class=\"gt-social-links\"><ul><li><a href=\"https:\/\/www.facebook.com\/danielamisasATN\/\" title=\"Facebook\" target=\"_blank\"><i class=\"fab fa-facebook-f\"><\/i><\/a><\/li><li><a href=\"https:\/\/instagram.com\/daniela_misas?igshid=1j8jifs0gbow\" title=\"Instagram\" target=\"_blank\"><i class=\"fab fa-instagram\"><\/i><\/a><\/li><\/ul><\/div><\/div><\/div><\/div><\/div><div class=\"gt-col\"><div class=\"gt-inner\"><div class=\"gt-speaker gt-style-4\"><div class=\"gt-image\"><a href=\"https:\/\/expofamilia.hn\/expofamilia.hn\/speaker\/melissa-valeriano\/\" title=\"Melissa Valeriano\"><img loading=\"lazy\" decoding=\"async\" width=\"350\" height=\"350\" src=\"https:\/\/expofamilia.hn\/expofamilia.hn\/wp-content\/uploads\/2018\/11\/327548e3-f34e-4e51-a9a4-ce582a0b1c0e-350x350.jpg\" class=\"attachment-eventchamp-thumbnail size-eventchamp-thumbnail\" alt=\"\" 0=\"\" srcset=\"https:\/\/expofamilia.hn\/expofamilia.hn\/wp-content\/uploads\/2018\/11\/327548e3-f34e-4e51-a9a4-ce582a0b1c0e-350x350.jpg 350w, https:\/\/expofamilia.hn\/expofamilia.hn\/wp-content\/uploads\/2018\/11\/327548e3-f34e-4e51-a9a4-ce582a0b1c0e-150x150.jpg 150w, https:\/\/expofamilia.hn\/expofamilia.hn\/wp-content\/uploads\/2018\/11\/327548e3-f34e-4e51-a9a4-ce582a0b1c0e-85x85.jpg 85w\" sizes=\"auto, (max-width: 350px) 100vw, 350px\" \/><\/a><\/div><div class=\"gt-content\"><a href=\"https:\/\/expofamilia.hn\/expofamilia.hn\/speaker\/melissa-valeriano\/\" title=\"Melissa Valeriano\"><\/a><div class=\"gt-name\"><a href=\"https:\/\/expofamilia.hn\/expofamilia.hn\/speaker\/melissa-valeriano\/\" title=\"Melissa Valeriano\">Melissa Valeriano<\/a><\/div><div class=\"gt-text\">Directora y Presentadora de la revista social Gente <\/div><div class=\"gt-social-links\"><ul><li><a href=\"https:\/\/www.instagram.com\/melissavaleriano\/\" title=\"Instagram\" target=\"_blank\"><i class=\"fab fa-instagram\"><\/i><\/a><\/li><\/ul><\/div><\/div><\/div><\/div><\/div><\/div><\/div>[vc_empty_space height=\u00bb120px\u00bb]<div class=\"gt-button gt-style-1 gt-align-center\"><a href=\"https:\/\/expofamilia.hn\/expofamilia.hn\/conferencistas\/\" target=\"_parent\" title=\"VER M\u00c1S\"><i class=\"fas fa-plus\" aria-hidden=\"true\"><\/i><span>VER M\u00c1S<\/span><\/a><\/div>[vc_empty_space height=\u00bb120px\u00bb][\/vc_column][\/vc_row][vc_row full_width=\u00bbstretch_row\u00bb row-text-align=\u00bbcenter\u00bb background-position=\u00bbcenter-center\u00bb background-attachment=\u00bbfixed\u00bb css=\u00bb.vc_custom_1563578175306{background: #36ad9b url(https:\/\/expofamilia.hn\/expofamilia.hn\/wp-content\/uploads\/2019\/07\/Test2.jpg?id=2631) !important;background-position: center !important;background-repeat: no-repeat !important;background-size: cover !important;}\u00bb el_id=\u00bbVenue\u00bb][vc_column][vc_empty_space height=\u00bb75px\u00bb]<div class=\"gt-heading gt-white gt-size1 gt-center\"><div class=\"gt-title\">POLIDEPORTIVO DE LA UNAH <span>SEDE DE EXPOFAMILIA 2019<\/span><\/div><div class=\"gt-separate\"><i class=\"far fa-building\" aria-hidden=\"true\"><\/i><\/div><div class=\"gt-text\">LUGAR DEL EVENTO<\/div><\/div>[vc_empty_space height=\u00bb115px\u00bb]<div class=\"gt-button gt-style-2 gt-align-center gt-inline-true gt-margin-true\"><a title=\"MAPA\" data-toggle=\"modal\" data-target=\"#modal-97781\"><span>MAPA<\/span><\/a><\/div><div class=\"modal fade gt-modal gt-large-modal gt-modal-button-modal\" id=\"modal-97781\" tabindex=\"-6\" role=\"dialog\" aria-labelledby=\"modal-97781-label\" aria-hidden=\"true\"><div class=\"modal-dialog gt-modal-dialog modal-dialog-centered\" role=\"document\"><div class=\"modal-content gt-modal-content\"><div class=\"modal-header gt-modal-header\"><div class=\"gt-modal-title\">MAPA<\/div><button type=\"button\" class=\"gt-close\" data-dismiss=\"modal\" aria-label=\"Close\"><svg version=\"1.1\" xmlns=\"http:\/\/www.w3.org\/2000\/svg\" xmlns:xlink=\"http:\/\/www.w3.org\/1999\/xlink\" x=\"0px\" y=\"0px\" viewBox=\"0 0 371.23 371.23\" xml:space=\"preserve\"> <polygon points=\"371.23,21.213 350.018,0 185.615,164.402 21.213,0 0,21.213 164.402,185.615 0,350.018 21.213,371.23 185.615,206.828 350.018,371.23 371.23,350.018 206.828,185.615 \"\/> <g> <\/g> <g> <\/g> <g> <\/g> <g> <\/g> <g> <\/g> <g> <\/g> <g> <\/g> <g> <\/g> <g> <\/g> <g> <\/g> <g> <\/g> <g> <\/g> <g> <\/g> <g> <\/g> <g> <\/g> <\/svg><\/button><\/div><div class=\"modal-body gt-modal-body\"><div class=\"gt-modal-inner-content\"><p><iframe loading=\"lazy\" style=\"border: 0;\" src=\"https:\/\/www.google.com\/maps\/embed?pb=!1m18!1m12!1m3!1d10945.700377311528!2d-87.17620621635227!3d14.083700870581213!2m3!1f0!2f0!3f0!3m2!1i1024!2i768!4f13.1!3m3!1m2!1s0x8f6fa33320c7b033%3A0x64f0dd4571b3a627!2sPalacio+Universitario+de+los+Deportes+y+las+Ciencias+de+la+Cultura+F%C3%ADsica+UNAH!5e0!3m2!1ses!2shn!4v1562638190836!5m2!1ses!2shn\" width=\"600\" height=\"450\" frameborder=\"0\" allowfullscreen=\"allowfullscreen\"><\/iframe><\/p>\n<\/div><\/div><\/div><\/div><\/div><div class=\"gt-button gt-style-2 gt-align-center gt-inline-true gt-margin-true\"><a title=\"Programaci\u00f3n de actividades\" data-toggle=\"modal\" data-target=\"#modal-7509\"><span>Programaci\u00f3n de actividades<\/span><\/a><\/div><div class=\"modal fade gt-modal gt-large-modal gt-modal-button-modal\" id=\"modal-7509\" tabindex=\"-6\" role=\"dialog\" aria-labelledby=\"modal-7509-label\" aria-hidden=\"true\"><div class=\"modal-dialog gt-modal-dialog modal-dialog-centered\" role=\"document\"><div class=\"modal-content gt-modal-content\"><div class=\"modal-header gt-modal-header\"><div class=\"gt-modal-title\">Programaci\u00f3n de actividades<\/div><button type=\"button\" class=\"gt-close\" data-dismiss=\"modal\" aria-label=\"Close\"><svg version=\"1.1\" xmlns=\"http:\/\/www.w3.org\/2000\/svg\" xmlns:xlink=\"http:\/\/www.w3.org\/1999\/xlink\" x=\"0px\" y=\"0px\" viewBox=\"0 0 371.23 371.23\" xml:space=\"preserve\"> <polygon points=\"371.23,21.213 350.018,0 185.615,164.402 21.213,0 0,21.213 164.402,185.615 0,350.018 21.213,371.23 185.615,206.828 350.018,371.23 371.23,350.018 206.828,185.615 \"\/> <g> <\/g> <g> <\/g> <g> <\/g> <g> <\/g> <g> <\/g> <g> <\/g> <g> <\/g> <g> <\/g> <g> <\/g> <g> <\/g> <g> <\/g> <g> <\/g> <g> <\/g> <g> <\/g> <g> <\/g> <\/svg><\/button><\/div><div class=\"modal-body gt-modal-body\"><div class=\"gt-modal-inner-content\"><\/p>\n<h3 style=\"text-align: center;\"><strong>Lista de Actividades Expo-Familia 2019<\/strong><\/h3>\n<p>&nbsp;<\/p>\n<p><strong>7:45 am \u2013 8:00 am<\/strong><\/p>\n<p>Inauguraci\u00f3n de la ExpoFeria 2019 en el \u00e1rea de ingreso.<\/p>\n<p><strong>8:00 am \u2013 9:00 am<\/strong><\/p>\n<ul>\n<li>Entrega de globos de bienvenida y pintacaritas en el \u00e1rea de ingreso.<\/li>\n<li>Presentaciones art\u00edsticas de baile y canto en el escenario principal.<\/li>\n<li>Energetic Morning con Loren Mercadal y Daniela Servellon. Comencemos nuestro d\u00eda llen\u00e1ndonos de energ\u00eda, acomp\u00e1\u00f1enos en nuestra jornada matutina de ejercicios en el escenario de conferencias.<\/li>\n<li>Se la mejor versi\u00f3n de ti misma por Gina Valladares en el escenario de conferencias.<\/li>\n<li>Charla alimenta tu nutrici\u00f3n por Daniela Misas en el escenario de conferencias.<\/li>\n<li>Torneo de videojuegos y mini convenci\u00f3n cosplay en el \u00e1rea de videojuegos.<\/li>\n<li>Presentaci\u00f3n de rob\u00f3tica por instituciones en el \u00e1rea de rob\u00f3tica.<\/li>\n<li>Saltarines para grandes y chicos en el \u00e1rea de inflables.<\/li>\n<li>Atenci\u00f3n con m\u00e9dico general en el \u00e1rea de salud.<\/li>\n<li>Evaluaci\u00f3n dental para ni\u00f1os y adultos en el \u00e1rea de salud.<\/li>\n<li>Aplicaci\u00f3n de fl\u00faor para ni\u00f1os menores de 12 a\u00f1os en el \u00e1rea de salud.<\/li>\n<li>Cl\u00ednica de la mujer con ense\u00f1anza de la autoevaluaci\u00f3n de mamas en el \u00e1rea de salud.<\/li>\n<li>Sillas de masaje en el \u00e1rea de salud.<\/li>\n<li>Toma de glucosa, presi\u00f3n y densit\u00f3metros \u00f3sea en el \u00e1rea de salud.<\/li>\n<li>Evaluaci\u00f3n capilar en el \u00e1rea de salud.<\/li>\n<li>Evaluaci\u00f3n facial en el \u00e1rea de salud.<\/li>\n<li>Evaluaci\u00f3n y remoci\u00f3n de lunares en el \u00e1rea de salud.<\/li>\n<li>Zona de relajamiento en el \u00e1rea de mama\/mujer y wellness.<\/li>\n<li>Pruebas de maquillaje en el \u00e1rea de mama\/mujer y wellness.<\/li>\n<li>Asesor\u00eda de imagen en el \u00e1rea de mama\/mujer y wellness.<\/li>\n<li>Adopci\u00f3n de mascotas en el \u00e1rea de mama\/mujer y wellness.<\/li>\n<li>Desfile de mascotas en el \u00e1rea de mama\/mujer y wellness.<\/li>\n<li>Productos para el cuidado de mascotas en el \u00e1rea de mascotras.<\/li>\n<li>Accesorios de mascotas en el \u00e1rea de mascotras.<\/li>\n<li>Exhibici\u00f3n de mascotas \u00c1reas para colorear en el \u00e1rea de mascotras.<\/li>\n<li>Juegos con LEGO para que los ni\u00f1os puedan crear construcciones en el \u00e1rea de ni\u00f1os.<\/li>\n<li>\u00c1rea de Daycares para los ni\u00f1os en el \u00e1rea de ni\u00f1os.<\/li>\n<li>Carrearas de gateo entre bebes en el \u00e1rea de ni\u00f1os.<\/li>\n<li>Laboratorio tem\u00e1tico para fotograf\u00edas donde los ni\u00f1os podr\u00e1n sentirse parte de un laboratorio mientras son fotografiados viviendo la experiencia en el \u00e1rea de ni\u00f1os.<\/li>\n<li>Juegos sensoriales con slime, arena, etc en el \u00e1rea de ni\u00f1os.<\/li>\n<li>Experimentos de ciencias por mini genios y mommy dailly en el \u00e1rea de ni\u00f1os.<\/li>\n<li>Shows para ni\u00f1os con personajes de caricatura con Club Cipotes en el \u00e1rea de ni\u00f1os.<\/li>\n<li>\u00c1rea de cuenta cuentos donde los ni\u00f1os podr\u00e1n escuchar historias en el \u00e1rea de ni\u00f1os.<\/li>\n<li>Venta de productos creados por emprendedores en donde los micro-empresarios podr\u00e1n ofrecer sus productos innovadores en el marcado hondure\u00f1o en el \u00e1rea de The Market.<\/li>\n<li>\u00c1rea de bicicletas y triciclos para ni\u00f1os de todas las edades para que los ni\u00f1os y ni\u00f1as puedan dar recorrido por las \u00e1reas denominadas para recreaci\u00f3n en bicicletas en el \u00e1rea de ciclovias.<\/li>\n<li>Recorrido en tren por la feria donde los ni\u00f1os y j\u00f3venes podr\u00e1n disfrutar de un tour por \u00e1reas de la feria mientras disfrutan el viaje en tren en el \u00e1rea de ciclovias.<\/li>\n<li>Presentaciones de paneles juveniles con temas sociales en el escenario principal.<\/li>\n<li>Exhibici\u00f3n de autos cl\u00e1sicos en el \u00e1rea de The Man Club.<\/li>\n<li>Juegos de ping-pong en el \u00e1rea de The Man Club.<\/li>\n<li>Juegos de futbolito de mesa Venta de alimentos y meriendas en el \u00e1rea de The Man Club.<\/li>\n<li>Comidas de Food trucks en el \u00e1rea de comidas.<\/li>\n<li>Area de postres y golosinas en el \u00e1rea de golosinas.<\/li>\n<li>Refrescos y agua en el \u00e1rea de comidas.<\/li>\n<\/ul>\n<p><strong>9:00 am \u2013 10:00 am<\/strong><\/p>\n<ul>\n<li>Hacer loncheras como las hace una working-mom por Andrea Hernandez en el escenario de conferencias.<\/li>\n<li>Activaci\u00f3n por FICOHSA<\/li>\n<li>Presentaciones art\u00edsticas de baile y canto en el escenario principal.<\/li>\n<li>Por Salud 1. Charla de la mujer por el Dr. Carlos Ochoa en el escenario de conferencias.<\/li>\n<li>Taller de control de emociones en el escenario de conferencias.<\/li>\n<li>Saltarines para grandes y chicos en el \u00e1rea de inflables.<\/li>\n<li>Atenci\u00f3n con m\u00e9dico general en el \u00e1rea de salud.<\/li>\n<li>Evaluaci\u00f3n dental para ni\u00f1os y adultos en el \u00e1rea de salud.<\/li>\n<li>Aplicaci\u00f3n de fl\u00faor para ni\u00f1os menores de 12 a\u00f1os en el \u00e1rea de salud.<\/li>\n<li>Cl\u00ednica de la mujer con ense\u00f1anza de la autoevaluaci\u00f3n de mamas en el \u00e1rea de salud.<\/li>\n<li>Sillas de masaje en el \u00e1rea de salud.<\/li>\n<li>Toma de glucosa, presi\u00f3n y densit\u00f3metros \u00f3sea en el \u00e1rea de salud.<\/li>\n<li>Evaluaci\u00f3n capilar en el \u00e1rea de salud.<\/li>\n<li>Evaluaci\u00f3n facial en el \u00e1rea de salud.<\/li>\n<li>Evaluaci\u00f3n y remoci\u00f3n de lunares en el \u00e1rea de salud.<\/li>\n<li>Zona de relajamiento en el \u00e1rea de mama\/mujer y wellness.<\/li>\n<li>Pruebas de maquillaje en el \u00e1rea de mama\/mujer y wellness.<\/li>\n<li>Asesor\u00eda de imagen en el \u00e1rea de mama\/mujer y wellness.<\/li>\n<li>Adopci\u00f3n de mascotas en el \u00e1rea de mama\/mujer y wellness.<\/li>\n<li>Desfile de mascotas en el \u00e1rea de mama\/mujer y wellness.<\/li>\n<li>Productos para el cuidado de mascotas en el \u00e1rea de mascotras.<\/li>\n<li>Accesorios de mascotas en el \u00e1rea de mascotras.<\/li>\n<li>Exhibici\u00f3n de mascotas \u00c1reas para colorear en el \u00e1rea de mascotras.<\/li>\n<li>Juegos con LEGO para que los ni\u00f1os puedan crear construcciones en el \u00e1rea de ni\u00f1os.<\/li>\n<li>\u00c1rea de Daycares para los ni\u00f1os en el \u00e1rea de ni\u00f1os.<\/li>\n<li>Carrearas de gateo entre bebes en el \u00e1rea de ni\u00f1os.<\/li>\n<li>Laboratorio tem\u00e1tico para fotograf\u00edas donde los ni\u00f1os podr\u00e1n sentirse parte de un laboratorio mientras son fotografiados viviendo la experiencia en el \u00e1rea de ni\u00f1os.<\/li>\n<li>Juegos sensoriales con slime, arena, etc en el \u00e1rea de ni\u00f1os.<\/li>\n<li>Experimentos de ciencias por mini genios y mommy dailly en el \u00e1rea de ni\u00f1os.<\/li>\n<li>Shows para ni\u00f1os con personajes de caricatura con Club Cipotes en el \u00e1rea de ni\u00f1os.<\/li>\n<li>\u00c1rea de cuenta cuentos donde los ni\u00f1os podr\u00e1n escuchar historias en el \u00e1rea de ni\u00f1os.<\/li>\n<li>Venta de productos creados por emprendedores en donde los micro-empresarios podr\u00e1n ofrecer sus productos innovadores en el marcado hondure\u00f1o en el \u00e1rea de The Market.<\/li>\n<li>\u00c1rea de bicicletas y triciclos para ni\u00f1os de todas las edades para que los ni\u00f1os y ni\u00f1as puedan dar recorrido por las \u00e1reas denominadas para recreaci\u00f3n en bicicletas en el \u00e1rea de ciclovias.<\/li>\n<li>Recorrido en tren por la feria donde los ni\u00f1os y j\u00f3venes podr\u00e1n disfrutar de un tour por \u00e1reas de la feria mientras disfrutan el viaje en tren en el \u00e1rea de ciclovias.<\/li>\n<li>Presentaciones de paneles juveniles con temas sociales en el escenario principal.<\/li>\n<li>Exhibici\u00f3n de autos cl\u00e1sicos en el \u00e1rea de The Man Club.<\/li>\n<li>Juegos de ping-pong en el \u00e1rea de The Man Club.<\/li>\n<li>Juegos de futbolito de mesa Venta de alimentos y meriendas en el \u00e1rea de The Man Club.<\/li>\n<li>Comidas de Food trucks en el \u00e1rea de comidas.<\/li>\n<li>Area de postres y golosinas en el \u00e1rea de golosinas.<\/li>\n<li>Refrescos y agua en el \u00e1rea de comidas.<\/li>\n<\/ul>\n<p><strong>10:00 am \u2013 11:00 am<\/strong><\/p>\n<ul>\n<li>Presentaci\u00f3n de sopa Maggi con Jean Paul Irias y Keyla Martinez en el \u00e1rea de conferencias.<\/li>\n<li>Charla de salud y bienestar por Mireya Nasser y Daniela Misas en el \u00e1rea de conferencias.<\/li>\n<li>Charla de asesor\u00eda de imagen con Nineth Espinoza en el \u00e1rea de conferencias.<\/li>\n<li>Presentaciones art\u00edsticas de baile y canto en el escenario principal.<\/li>\n<li>Desfile por parte de Claro y Club Cipotes a trav\u00e9s de la feria.<\/li>\n<li>Saltarines para grandes y chicos en el \u00e1rea de inflables.<\/li>\n<li>Atenci\u00f3n con m\u00e9dico general en el \u00e1rea de salud.<\/li>\n<li>Evaluaci\u00f3n dental para ni\u00f1os y adultos en el \u00e1rea de salud.<\/li>\n<li>Aplicaci\u00f3n de fl\u00faor para ni\u00f1os menores de 12 a\u00f1os en el \u00e1rea de salud.<\/li>\n<li>Cl\u00ednica de la mujer con ense\u00f1anza de la autoevaluaci\u00f3n de mamas en el \u00e1rea de salud.<\/li>\n<li>Sillas de masaje en el \u00e1rea de salud.<\/li>\n<li>Toma de glucosa, presi\u00f3n y densit\u00f3metros \u00f3sea en el \u00e1rea de salud.<\/li>\n<li>Evaluaci\u00f3n capilar en el \u00e1rea de salud.<\/li>\n<li>Evaluaci\u00f3n facial en el \u00e1rea de salud.<\/li>\n<li>Evaluaci\u00f3n y remoci\u00f3n de lunares en el \u00e1rea de salud.<\/li>\n<li>Zona de relajamiento en el \u00e1rea de mama\/mujer y wellness.<\/li>\n<li>Pruebas de maquillaje en el \u00e1rea de mama\/mujer y wellness.<\/li>\n<li>Asesor\u00eda de imagen en el \u00e1rea de mama\/mujer y wellness.<\/li>\n<li>Adopci\u00f3n de mascotas en el \u00e1rea de mama\/mujer y wellness.<\/li>\n<li>Desfile de mascotas en el \u00e1rea de mama\/mujer y wellness.<\/li>\n<li>Productos para el cuidado de mascotas en el \u00e1rea de mascotras.<\/li>\n<li>Accesorios de mascotas en el \u00e1rea de mascotras.<\/li>\n<li>Exhibici\u00f3n de mascotas \u00c1reas para colorear en el \u00e1rea de mascotras.<\/li>\n<li>Juegos con LEGO para que los ni\u00f1os puedan crear construcciones en el \u00e1rea de ni\u00f1os.<\/li>\n<li>\u00c1rea de Daycares para los ni\u00f1os en el \u00e1rea de ni\u00f1os.<\/li>\n<li>Carrearas de gateo entre bebes en el \u00e1rea de ni\u00f1os.<\/li>\n<li>Laboratorio tem\u00e1tico para fotograf\u00edas donde los ni\u00f1os podr\u00e1n sentirse parte de un laboratorio mientras son fotografiados viviendo la experiencia en el \u00e1rea de ni\u00f1os.<\/li>\n<li>Juegos sensoriales con slime, arena, etc en el \u00e1rea de ni\u00f1os.<\/li>\n<li>Experimentos de ciencias por mini genios y mommy dailly en el \u00e1rea de ni\u00f1os.<\/li>\n<li>Shows para ni\u00f1os con personajes de caricatura con Club Cipotes en el \u00e1rea de ni\u00f1os.<\/li>\n<li>\u00c1rea de cuenta cuentos donde los ni\u00f1os podr\u00e1n escuchar historias en el \u00e1rea de ni\u00f1os.<\/li>\n<li>Venta de productos creados por emprendedores en donde los micro-empresarios podr\u00e1n ofrecer sus productos innovadores en el marcado hondure\u00f1o en el \u00e1rea de The Market.<\/li>\n<li>\u00c1rea de bicicletas y triciclos para ni\u00f1os de todas las edades para que los ni\u00f1os y ni\u00f1as puedan dar recorrido por las \u00e1reas denominadas para recreaci\u00f3n en bicicletas en el \u00e1rea de ciclovias.<\/li>\n<li>Recorrido en tren por la feria donde los ni\u00f1os y j\u00f3venes podr\u00e1n disfrutar de un tour por \u00e1reas de la feria mientras disfrutan el viaje en tren en el \u00e1rea de ciclovias.<\/li>\n<li>Presentaciones de paneles juveniles con temas sociales en el escenario principal.<\/li>\n<li>Exhibici\u00f3n de autos cl\u00e1sicos en el \u00e1rea de The Man Club.<\/li>\n<li>Juegos de ping-pong en el \u00e1rea de The Man Club.<\/li>\n<li>Juegos de futbolito de mesa Venta de alimentos y meriendas en el \u00e1rea de The Man Club.<\/li>\n<li>Comidas de Food trucks en el \u00e1rea de comidas.<\/li>\n<li>\u00c1rea de postres y golosinas en el \u00e1rea de golosinas.<\/li>\n<li>Refrescos y agua en el \u00e1rea de comidas.<\/li>\n<\/ul>\n<p><strong>11:00 am \u2013 12:00 md<\/strong><\/p>\n<ul>\n<li>Charla y prueba de porteo ergon\u00f3mico por Melissa Dacarett en el \u00e1rea de conferencias.<\/li>\n<li>Educaci\u00f3n financiera y el rol de la mujer como administradora del hogar por Ali Kaffie en el \u00e1rea de conferencias.<\/li>\n<li>Grupo MSP. Primera charla de maquillaje en el \u00e1rea de conferencias<\/li>\n<li>Presentaciones art\u00edsticas de baile y canto en el escenario principal.<\/li>\n<li>Activaci\u00f3n por FICOHSA en el escenario principal.<\/li>\n<li>Desfile por FICOHSA y Club Cipotes a trav\u00e9s de la feria.<\/li>\n<li>Saltarines para grandes y chicos en el \u00e1rea de inflables.<\/li>\n<li>Atenci\u00f3n con m\u00e9dico general en el \u00e1rea de salud.<\/li>\n<li>Evaluaci\u00f3n dental para ni\u00f1os y adultos en el \u00e1rea de salud.<\/li>\n<li>Aplicaci\u00f3n de fl\u00faor para ni\u00f1os menores de 12 a\u00f1os en el \u00e1rea de salud.<\/li>\n<li>Cl\u00ednica de la mujer con ense\u00f1anza de la autoevaluaci\u00f3n de mamas en el \u00e1rea de salud.<\/li>\n<li>Sillas de masaje en el \u00e1rea de salud.<\/li>\n<li>Toma de glucosa, presi\u00f3n y densit\u00f3metros \u00f3sea en el \u00e1rea de salud.<\/li>\n<li>Evaluaci\u00f3n capilar en el \u00e1rea de salud.<\/li>\n<li>Evaluaci\u00f3n facial en el \u00e1rea de salud.<\/li>\n<li>Evaluaci\u00f3n y remoci\u00f3n de lunares en el \u00e1rea de salud.<\/li>\n<li>Zona de relajamiento en el \u00e1rea de mama\/mujer y wellness.<\/li>\n<li>Pruebas de maquillaje en el \u00e1rea de mama\/mujer y wellness.<\/li>\n<li>Asesor\u00eda de imagen en el \u00e1rea de mama\/mujer y wellness.<\/li>\n<li>Adopci\u00f3n de mascotas en el \u00e1rea de mama\/mujer y wellness.<\/li>\n<li>Desfile de mascotas en el \u00e1rea de mama\/mujer y wellness.<\/li>\n<li>Productos para el cuidado de mascotas en el \u00e1rea de mascotras.<\/li>\n<li>Accesorios de mascotas en el \u00e1rea de mascotras.<\/li>\n<li>Exhibici\u00f3n de mascotas \u00c1reas para colorear en el \u00e1rea de mascotras.<\/li>\n<li>Juegos con LEGO para que los ni\u00f1os puedan crear construcciones en el \u00e1rea de ni\u00f1os.<\/li>\n<li>\u00c1rea de Daycares para los ni\u00f1os en el \u00e1rea de ni\u00f1os.<\/li>\n<li>Carrearas de gateo entre bebes en el \u00e1rea de ni\u00f1os.<\/li>\n<li>Laboratorio tem\u00e1tico para fotograf\u00edas donde los ni\u00f1os podr\u00e1n sentirse parte de un laboratorio mientras son fotografiados viviendo la experiencia en el \u00e1rea de ni\u00f1os.<\/li>\n<li>Juegos sensoriales con slime, arena, etc en el \u00e1rea de ni\u00f1os.<\/li>\n<li>Experimentos de ciencias por mini genios y mommy dailly en el \u00e1rea de ni\u00f1os.<\/li>\n<li>Shows para ni\u00f1os con personajes de caricatura con Club Cipotes en el \u00e1rea de ni\u00f1os.<\/li>\n<li>\u00c1rea de cuenta cuentos donde los ni\u00f1os podr\u00e1n escuchar historias en el \u00e1rea de ni\u00f1os.<\/li>\n<li>Venta de productos creados por emprendedores en donde los micro-empresarios podr\u00e1n ofrecer sus productos innovadores en el marcado hondure\u00f1o en el \u00e1rea de The Market.<\/li>\n<li>\u00c1rea de bicicletas y triciclos para ni\u00f1os de todas las edades para que los ni\u00f1os y ni\u00f1as puedan dar recorrido por las \u00e1reas denominadas para recreaci\u00f3n en bicicletas en el \u00e1rea de ciclovias.<\/li>\n<li>Recorrido en tren por la feria donde los ni\u00f1os y j\u00f3venes podr\u00e1n disfrutar de un tour por \u00e1reas de la feria mientras disfrutan el viaje en tren en el \u00e1rea de ciclovias.<\/li>\n<li>Presentaciones de paneles juveniles con temas sociales en el escenario principal.<\/li>\n<li>Exhibici\u00f3n de autos cl\u00e1sicos en el \u00e1rea de The Man Club.<\/li>\n<li>Juegos de ping-pong en el \u00e1rea de The Man Club.<\/li>\n<li>Juegos de futbolito de mesa Venta de alimentos y meriendas en el \u00e1rea de The Man Club.<\/li>\n<li>Comidas de Food trucks en el \u00e1rea de comidas.<\/li>\n<li>Area de postres y golosinas en el \u00e1rea de golosinas.<\/li>\n<li>Refrescos y agua en el \u00e1rea de comidas.<\/li>\n<\/ul>\n<p><strong>12:00 m.d \u2013 1:00 pm<\/strong><\/p>\n<ul>\n<li>Mom-talks por Melissa Valeriano y mamas influencers en el \u00e1rea de conferencias.<\/li>\n<li>Por salud 2. Charla de loncheras saludables por Dessire Carias en el \u00e1rea de conferencias.<\/li>\n<li>Charla tu vida en balance por Mireya Nasser en el \u00e1rea de conferencias.<\/li>\n<li>Participaciones art\u00edsticas por colegios y escuelas.<\/li>\n<li>Finales de torneo de videojuegos en el \u00e1rea de videojuegos.<\/li>\n<li>Saltarines para grandes y chicos en el \u00e1rea de inflables.<\/li>\n<li>Atenci\u00f3n con m\u00e9dico general en el \u00e1rea de salud.<\/li>\n<li>Evaluaci\u00f3n dental para ni\u00f1os y adultos en el \u00e1rea de salud.<\/li>\n<li>Aplicaci\u00f3n de fl\u00faor para ni\u00f1os menores de 12 a\u00f1os en el \u00e1rea de salud.<\/li>\n<li>Cl\u00ednica de la mujer con ense\u00f1anza de la autoevaluaci\u00f3n de mamas en el \u00e1rea de salud.<\/li>\n<li>Sillas de masaje en el \u00e1rea de salud.<\/li>\n<li>Toma de glucosa, presi\u00f3n y densit\u00f3metros \u00f3sea en el \u00e1rea de salud.<\/li>\n<li>Evaluaci\u00f3n capilar en el \u00e1rea de salud.<\/li>\n<li>Evaluaci\u00f3n facial en el \u00e1rea de salud.<\/li>\n<li>Evaluaci\u00f3n y remoci\u00f3n de lunares en el \u00e1rea de salud.<\/li>\n<li>Zona de relajamiento en el \u00e1rea de mama\/mujer y wellness.<\/li>\n<li>Pruebas de maquillaje en el \u00e1rea de mama\/mujer y wellness.<\/li>\n<li>Asesor\u00eda de imagen en el \u00e1rea de mama\/mujer y wellness.<\/li>\n<li>Adopci\u00f3n de mascotas en el \u00e1rea de mama\/mujer y wellness.<\/li>\n<li>Desfile de mascotas en el \u00e1rea de mama\/mujer y wellness.<\/li>\n<li>Productos para el cuidado de mascotas en el \u00e1rea de mascotras.<\/li>\n<li>Accesorios de mascotas en el \u00e1rea de mascotras.<\/li>\n<li>Exhibici\u00f3n de mascotas \u00c1reas para colorear en el \u00e1rea de mascotras.<\/li>\n<li>Juegos con LEGO para que los ni\u00f1os puedan crear construcciones en el \u00e1rea de ni\u00f1os.<\/li>\n<li>\u00c1rea de Daycares para los ni\u00f1os en el \u00e1rea de ni\u00f1os.<\/li>\n<li>Carrearas de gateo entre bebes en el \u00e1rea de ni\u00f1os.<\/li>\n<li>Laboratorio tem\u00e1tico para fotograf\u00edas donde los ni\u00f1os podr\u00e1n sentirse parte de un laboratorio mientras son fotografiados viviendo la experiencia en el \u00e1rea de ni\u00f1os.<\/li>\n<li>Juegos sensoriales con slime, arena, etc en el \u00e1rea de ni\u00f1os.<\/li>\n<li>Experimentos de ciencias por mini genios y mommy dailly en el \u00e1rea de ni\u00f1os.<\/li>\n<li>Shows para ni\u00f1os con personajes de caricatura con Club Cipotes en el \u00e1rea de ni\u00f1os.<\/li>\n<li>\u00c1rea de cuenta cuentos donde los ni\u00f1os podr\u00e1n escuchar historias en el \u00e1rea de ni\u00f1os.<\/li>\n<li>Venta de productos creados por emprendedores en donde los micro-empresarios podr\u00e1n ofrecer sus productos innovadores en el marcado hondure\u00f1o en el \u00e1rea de The Market.<\/li>\n<li>\u00c1rea de bicicletas y triciclos para ni\u00f1os de todas las edades para que los ni\u00f1os y ni\u00f1as puedan dar recorrido por las \u00e1reas denominadas para recreaci\u00f3n en bicicletas en el \u00e1rea de ciclovias.<\/li>\n<li>Recorrido en tren por la feria donde los ni\u00f1os y j\u00f3venes podr\u00e1n disfrutar de un tour por \u00e1reas de la feria mientras disfrutan el viaje en tren en el \u00e1rea de ciclovias.<\/li>\n<li>Presentaciones de paneles juveniles con temas sociales en el escenario principal.<\/li>\n<li>Exhibici\u00f3n de autos cl\u00e1sicos en el \u00e1rea de The Man Club.<\/li>\n<li>Juegos de ping-pong en el \u00e1rea de The Man Club.<\/li>\n<li>Juegos de futbolito de mesa Venta de alimentos y meriendas en el \u00e1rea de The Man Club.<\/li>\n<li>Comidas de Food trucks en el \u00e1rea de comidas.<\/li>\n<li>Area de postres y golosinas en el \u00e1rea de golosinas.<\/li>\n<li>Refrescos y agua en el \u00e1rea de comidas.<\/li>\n<\/ul>\n<p><strong>1:00 pm \u2013 2:00 pm<\/strong><\/p>\n<ul>\n<li>Reto de la madre de hoy por MaLucia en el escenario de conferencias.<\/li>\n<li>Grupo MSP. Segunda charla de maquillaje en el escenario de conferencias.<\/li>\n<li>Participaciones art\u00edsticas por parte de las escuelas y colegios.<\/li>\n<li>Activaci\u00f3n por FICOHSA en el escenario principal.<\/li>\n<li>Saltarines para grandes y chicos en el \u00e1rea de inflables.<\/li>\n<li>Atenci\u00f3n con m\u00e9dico general en el \u00e1rea de salud.<\/li>\n<li>Evaluaci\u00f3n dental para ni\u00f1os y adultos en el \u00e1rea de salud.<\/li>\n<li>Aplicaci\u00f3n de fl\u00faor para ni\u00f1os menores de 12 a\u00f1os en el \u00e1rea de salud.<\/li>\n<li>Cl\u00ednica de la mujer con ense\u00f1anza de la autoevaluaci\u00f3n de mamas en el \u00e1rea de salud.<\/li>\n<li>Sillas de masaje en el \u00e1rea de salud.<\/li>\n<li>Toma de glucosa, presi\u00f3n y densit\u00f3metros \u00f3sea en el \u00e1rea de salud.<\/li>\n<li>Evaluaci\u00f3n capilar en el \u00e1rea de salud.<\/li>\n<li>Evaluaci\u00f3n facial en el \u00e1rea de salud.<\/li>\n<li>Evaluaci\u00f3n y remoci\u00f3n de lunares en el \u00e1rea de salud.<\/li>\n<li>Zona de relajamiento en el \u00e1rea de mama\/mujer y wellness.<\/li>\n<li>Pruebas de maquillaje en el \u00e1rea de mama\/mujer y wellness.<\/li>\n<li>Asesor\u00eda de imagen en el \u00e1rea de mama\/mujer y wellness.<\/li>\n<li>Adopci\u00f3n de mascotas en el \u00e1rea de mama\/mujer y wellness.<\/li>\n<li>Desfile de mascotas en el \u00e1rea de mama\/mujer y wellness.<\/li>\n<li>Productos para el cuidado de mascotas en el \u00e1rea de mascotras.<\/li>\n<li>Accesorios de mascotas en el \u00e1rea de mascotras.<\/li>\n<li>Exhibici\u00f3n de mascotas \u00c1reas para colorear en el \u00e1rea de mascotras.<\/li>\n<li>Juegos con LEGO para que los ni\u00f1os puedan crear construcciones en el \u00e1rea de ni\u00f1os.<\/li>\n<li>\u00c1rea de Daycares para los ni\u00f1os en el \u00e1rea de ni\u00f1os.<\/li>\n<li>Carrearas de gateo entre bebes en el \u00e1rea de ni\u00f1os.<\/li>\n<li>Laboratorio tem\u00e1tico para fotograf\u00edas donde los ni\u00f1os podr\u00e1n sentirse parte de un laboratorio mientras son fotografiados viviendo la experiencia en el \u00e1rea de ni\u00f1os.<\/li>\n<li>Juegos sensoriales con slime, arena, etc en el \u00e1rea de ni\u00f1os.<\/li>\n<li>Experimentos de ciencias por mini genios y mommy dailly en el \u00e1rea de ni\u00f1os.<\/li>\n<li>Shows para ni\u00f1os con personajes de caricatura con Club Cipotes en el \u00e1rea de ni\u00f1os.<\/li>\n<li>\u00c1rea de cuenta cuentos donde los ni\u00f1os podr\u00e1n escuchar historias en el \u00e1rea de ni\u00f1os.<\/li>\n<li>Venta de productos creados por emprendedores en donde los micro-empresarios podr\u00e1n ofrecer sus productos innovadores en el marcado hondure\u00f1o en el \u00e1rea de The Market.<\/li>\n<li>\u00c1rea de bicicletas y triciclos para ni\u00f1os de todas las edades para que los ni\u00f1os y ni\u00f1as puedan dar recorrido por las \u00e1reas denominadas para recreaci\u00f3n en bicicletas en el \u00e1rea de ciclovias.<\/li>\n<li>Recorrido en tren por la feria donde los ni\u00f1os y j\u00f3venes podr\u00e1n disfrutar de un tour por \u00e1reas de la feria mientras disfrutan el viaje en tren en el \u00e1rea de ciclovias.<\/li>\n<li>Presentaciones de paneles juveniles con temas sociales en el escenario principal.<\/li>\n<li>Exhibici\u00f3n de autos cl\u00e1sicos en el \u00e1rea de The Man Club.<\/li>\n<li>Juegos de ping-pong en el \u00e1rea de The Man Club.<\/li>\n<li>Juegos de futbolito de mesa Venta de alimentos y meriendas en el \u00e1rea de The Man Club.<\/li>\n<li>Comidas de Food trucks en el \u00e1rea de comidas.<\/li>\n<li>Area de postres y golosinas en el \u00e1rea de golosinas.<\/li>\n<li>Refrescos y agua en el \u00e1rea de comidas.<\/li>\n<\/ul>\n<p><strong>2:00 pm \u2013 3:00 pm<\/strong><\/p>\n<ul>\n<li>Kangatrainning por Melissa Dacarett<\/li>\n<li>Cyberbullying y nuevas tendencias del consumidor por Raul Ramirez Gerente General de IdeaWroks internacional.<\/li>\n<li>Participaciones art\u00edsticas de escuelas y colegios.<\/li>\n<li>Desfile por Claro y Club Cipotes a trav\u00e9s de la feria.<\/li>\n<li>Saltarines para grandes y chicos en el \u00e1rea de inflables.<\/li>\n<li>Atenci\u00f3n con m\u00e9dico general en el \u00e1rea de salud.<\/li>\n<li>Evaluaci\u00f3n dental para ni\u00f1os y adultos en el \u00e1rea de salud.<\/li>\n<li>Aplicaci\u00f3n de fl\u00faor para ni\u00f1os menores de 12 a\u00f1os en el \u00e1rea de salud.<\/li>\n<li>Cl\u00ednica de la mujer con ense\u00f1anza de la autoevaluaci\u00f3n de mamas en el \u00e1rea de salud.<\/li>\n<li>Sillas de masaje en el \u00e1rea de salud.<\/li>\n<li>Toma de glucosa, presi\u00f3n y densit\u00f3metros \u00f3sea en el \u00e1rea de salud.<\/li>\n<li>Evaluaci\u00f3n capilar en el \u00e1rea de salud.<\/li>\n<li>Evaluaci\u00f3n facial en el \u00e1rea de salud.<\/li>\n<li>Evaluaci\u00f3n y remoci\u00f3n de lunares en el \u00e1rea de salud.<\/li>\n<li>Zona de relajamiento en el \u00e1rea de mama\/mujer y wellness.<\/li>\n<li>Pruebas de maquillaje en el \u00e1rea de mama\/mujer y wellness.<\/li>\n<li>Asesor\u00eda de imagen en el \u00e1rea de mama\/mujer y wellness.<\/li>\n<li>Adopci\u00f3n de mascotas en el \u00e1rea de mama\/mujer y wellness.<\/li>\n<li>Desfile de mascotas en el \u00e1rea de mama\/mujer y wellness.<\/li>\n<li>Productos para el cuidado de mascotas en el \u00e1rea de mascotras.<\/li>\n<li>Accesorios de mascotas en el \u00e1rea de mascotras.<\/li>\n<li>Exhibici\u00f3n de mascotas \u00c1reas para colorear en el \u00e1rea de mascotras.<\/li>\n<li>Juegos con LEGO para que los ni\u00f1os puedan crear construcciones en el \u00e1rea de ni\u00f1os.<\/li>\n<li>\u00c1rea de Daycares para los ni\u00f1os en el \u00e1rea de ni\u00f1os.<\/li>\n<li>Carrearas de gateo entre bebes en el \u00e1rea de ni\u00f1os.<\/li>\n<li>Laboratorio tem\u00e1tico para fotograf\u00edas donde los ni\u00f1os podr\u00e1n sentirse parte de un laboratorio mientras son fotografiados viviendo la experiencia en el \u00e1rea de ni\u00f1os.<\/li>\n<li>Juegos sensoriales con slime, arena, etc en el \u00e1rea de ni\u00f1os.<\/li>\n<li>Experimentos de ciencias por mini genios y mommy dailly en el \u00e1rea de ni\u00f1os.<\/li>\n<li>Shows para ni\u00f1os con personajes de caricatura con Club Cipotes en el \u00e1rea de ni\u00f1os.<\/li>\n<li>\u00c1rea de cuenta cuentos donde los ni\u00f1os podr\u00e1n escuchar historias en el \u00e1rea de ni\u00f1os.<\/li>\n<li>Venta de productos creados por emprendedores en donde los micro-empresarios podr\u00e1n ofrecer sus productos innovadores en el marcado hondure\u00f1o en el \u00e1rea de The Market.<\/li>\n<li>\u00c1rea de bicicletas y triciclos para ni\u00f1os de todas las edades para que los ni\u00f1os y ni\u00f1as puedan dar recorrido por las \u00e1reas denominadas para recreaci\u00f3n en bicicletas en el \u00e1rea de ciclovias.<\/li>\n<li>Recorrido en tren por la feria donde los ni\u00f1os y j\u00f3venes podr\u00e1n disfrutar de un tour por \u00e1reas de la feria mientras disfrutan el viaje en tren en el \u00e1rea de ciclovias.<\/li>\n<li>Presentaciones de paneles juveniles con temas sociales en el escenario principal.<\/li>\n<li>Exhibici\u00f3n de autos cl\u00e1sicos en el \u00e1rea de The Man Club.<\/li>\n<li>Juegos de ping-pong en el \u00e1rea de The Man Club.<\/li>\n<li>Juegos de futbolito de mesa Venta de alimentos y meriendas en el \u00e1rea de The Man Club.<\/li>\n<li>Comidas de Food trucks en el \u00e1rea de comidas.<\/li>\n<li>Area de postres y golosinas en el \u00e1rea de golosinas.<\/li>\n<li>Refrescos y agua en el \u00e1rea de comidas.<\/li>\n<\/ul>\n<p><strong>3:00 pm \u2013 4:00 pm<\/strong><\/p>\n<ul>\n<li>Participaciones art\u00edsticas de escuelas y colegios<\/li>\n<li>Desfile de FICOHSA y Club Cipotes a trav\u00e9s de la feria.<\/li>\n<li>Saltarines para grandes y chicos en el \u00e1rea de inflables.<\/li>\n<li>Atenci\u00f3n con m\u00e9dico general en el \u00e1rea de salud.<\/li>\n<li>Evaluaci\u00f3n dental para ni\u00f1os y adultos en el \u00e1rea de salud.<\/li>\n<li>Aplicaci\u00f3n de fl\u00faor para ni\u00f1os menores de 12 a\u00f1os en el \u00e1rea de salud.<\/li>\n<li>Cl\u00ednica de la mujer con ense\u00f1anza de la autoevaluaci\u00f3n de mamas en el \u00e1rea de salud.<\/li>\n<li>Sillas de masaje en el \u00e1rea de salud.<\/li>\n<li>Toma de glucosa, presi\u00f3n y densit\u00f3metros \u00f3sea en el \u00e1rea de salud.<\/li>\n<li>Evaluaci\u00f3n capilar en el \u00e1rea de salud.<\/li>\n<li>Evaluaci\u00f3n facial en el \u00e1rea de salud.<\/li>\n<li>Evaluaci\u00f3n y remoci\u00f3n de lunares en el \u00e1rea de salud.<\/li>\n<li>Zona de relajamiento en el \u00e1rea de mama\/mujer y wellness.<\/li>\n<li>Pruebas de maquillaje en el \u00e1rea de mama\/mujer y wellness.<\/li>\n<li>Asesor\u00eda de imagen en el \u00e1rea de mama\/mujer y wellness.<\/li>\n<li>Adopci\u00f3n de mascotas en el \u00e1rea de mama\/mujer y wellness.<\/li>\n<li>Desfile de mascotas en el \u00e1rea de mama\/mujer y wellness.<\/li>\n<li>Productos para el cuidado de mascotas en el \u00e1rea de mascotras.<\/li>\n<li>Accesorios de mascotas en el \u00e1rea de mascotras.<\/li>\n<li>Exhibici\u00f3n de mascotas \u00c1reas para colorear en el \u00e1rea de mascotras.<\/li>\n<li>Juegos con LEGO para que los ni\u00f1os puedan crear construcciones en el \u00e1rea de ni\u00f1os.<\/li>\n<li>\u00c1rea de Daycares para los ni\u00f1os en el \u00e1rea de ni\u00f1os.<\/li>\n<li>Carrearas de gateo entre bebes en el \u00e1rea de ni\u00f1os.<\/li>\n<li>Laboratorio tem\u00e1tico para fotograf\u00edas donde los ni\u00f1os podr\u00e1n sentirse parte de un laboratorio mientras son fotografiados viviendo la experiencia en el \u00e1rea de ni\u00f1os.<\/li>\n<li>Juegos sensoriales con slime, arena, etc en el \u00e1rea de ni\u00f1os.<\/li>\n<li>Experimentos de ciencias por mini genios y mommy dailly en el \u00e1rea de ni\u00f1os.<\/li>\n<li>Shows para ni\u00f1os con personajes de caricatura con Club Cipotes en el \u00e1rea de ni\u00f1os.<\/li>\n<li>\u00c1rea de cuenta cuentos donde los ni\u00f1os podr\u00e1n escuchar historias en el \u00e1rea de ni\u00f1os.<\/li>\n<li>Venta de productos creados por emprendedores en donde los micro-empresarios podr\u00e1n ofrecer sus productos innovadores en el marcado hondure\u00f1o en el \u00e1rea de The Market.<\/li>\n<li>\u00c1rea de bicicletas y triciclos para ni\u00f1os de todas las edades para que los ni\u00f1os y ni\u00f1as puedan dar recorrido por las \u00e1reas denominadas para recreaci\u00f3n en bicicletas en el \u00e1rea de ciclovias.<\/li>\n<li>Recorrido en tren por la feria donde los ni\u00f1os y j\u00f3venes podr\u00e1n disfrutar de un tour por \u00e1reas de la feria mientras disfrutan el viaje en tren en el \u00e1rea de ciclovias.<\/li>\n<li>Presentaciones de paneles juveniles con temas sociales en el escenario principal.<\/li>\n<li>Exhibici\u00f3n de autos cl\u00e1sicos en el \u00e1rea de The Man Club.<\/li>\n<li>Juegos de ping-pong en el \u00e1rea de The Man Club.<\/li>\n<li>Juegos de futbolito de mesa Venta de alimentos y meriendas en el \u00e1rea de The Man Club.<\/li>\n<li>Comidas de Food trucks en el \u00e1rea de comidas.<\/li>\n<li>Area de postres y golosinas en el \u00e1rea de golosinas.<\/li>\n<li>Refrescos y agua en el \u00e1rea de comidas.<\/li>\n<\/ul>\n<p><strong>4:00 pm \u2013 5:00 pm<\/strong><\/p>\n<ul>\n<li>Participaciones art\u00edsticas por escuelas y colegios<\/li>\n<li>Show por parte de Los Del Cuarto<\/li>\n<li>Finales de torneo de videojuegos en el \u00e1rea de videojuegos.<\/li>\n<li>Saltarines para grandes y chicos en el \u00e1rea de inflables.<\/li>\n<li>Atenci\u00f3n con m\u00e9dico general en el \u00e1rea de salud.<\/li>\n<li>Evaluaci\u00f3n dental para ni\u00f1os y adultos en el \u00e1rea de salud.<\/li>\n<li>Aplicaci\u00f3n de fl\u00faor para ni\u00f1os menores de 12 a\u00f1os en el \u00e1rea de salud.<\/li>\n<li>Cl\u00ednica de la mujer con ense\u00f1anza de la autoevaluaci\u00f3n de mamas en el \u00e1rea de salud.<\/li>\n<li>Sillas de masaje en el \u00e1rea de salud.<\/li>\n<li>Toma de glucosa, presi\u00f3n y densit\u00f3metros \u00f3sea en el \u00e1rea de salud.<\/li>\n<li>Evaluaci\u00f3n capilar en el \u00e1rea de salud.<\/li>\n<li>Evaluaci\u00f3n facial en el \u00e1rea de salud.<\/li>\n<li>Evaluaci\u00f3n y remoci\u00f3n de lunares en el \u00e1rea de salud.<\/li>\n<li>Zona de relajamiento en el \u00e1rea de mama\/mujer y wellness.<\/li>\n<li>Pruebas de maquillaje en el \u00e1rea de mama\/mujer y wellness.<\/li>\n<li>Asesor\u00eda de imagen en el \u00e1rea de mama\/mujer y wellness.<\/li>\n<li>Adopci\u00f3n de mascotas en el \u00e1rea de mama\/mujer y wellness.<\/li>\n<li>Desfile de mascotas en el \u00e1rea de mama\/mujer y wellness.<\/li>\n<li>Productos para el cuidado de mascotas en el \u00e1rea de mascotras.<\/li>\n<li>Accesorios de mascotas en el \u00e1rea de mascotras.<\/li>\n<li>Exhibici\u00f3n de mascotas \u00c1reas para colorear en el \u00e1rea de mascotras.<\/li>\n<li>Juegos con LEGO para que los ni\u00f1os puedan crear construcciones en el \u00e1rea de ni\u00f1os.<\/li>\n<li>\u00c1rea de Daycares para los ni\u00f1os en el \u00e1rea de ni\u00f1os.<\/li>\n<li>Carrearas de gateo entre bebes en el \u00e1rea de ni\u00f1os.<\/li>\n<li>Laboratorio tem\u00e1tico para fotograf\u00edas donde los ni\u00f1os podr\u00e1n sentirse parte de un laboratorio mientras son fotografiados viviendo la experiencia en el \u00e1rea de ni\u00f1os.<\/li>\n<li>Juegos sensoriales con slime, arena, etc en el \u00e1rea de ni\u00f1os.<\/li>\n<li>Experimentos de ciencias por mini genios y mommy dailly en el \u00e1rea de ni\u00f1os.<\/li>\n<li>Shows para ni\u00f1os con personajes de caricatura con Club Cipotes en el \u00e1rea de ni\u00f1os.<\/li>\n<li>\u00c1rea de cuenta cuentos donde los ni\u00f1os podr\u00e1n escuchar historias en el \u00e1rea de ni\u00f1os.<\/li>\n<li>Venta de productos creados por emprendedores en donde los micro-empresarios podr\u00e1n ofrecer sus productos innovadores en el marcado hondure\u00f1o en el \u00e1rea de The Market.<\/li>\n<li>\u00c1rea de bicicletas y triciclos para ni\u00f1os de todas las edades para que los ni\u00f1os y ni\u00f1as puedan dar recorrido por las \u00e1reas denominadas para recreaci\u00f3n en bicicletas en el \u00e1rea de ciclovias.<\/li>\n<li>Recorrido en tren por la feria donde los ni\u00f1os y j\u00f3venes podr\u00e1n disfrutar de un tour por \u00e1reas de la feria mientras disfrutan el viaje en tren en el \u00e1rea de ciclovias.<\/li>\n<li>Presentaciones de paneles juveniles con temas sociales en el escenario principal.<\/li>\n<li>Exhibici\u00f3n de autos cl\u00e1sicos en el \u00e1rea de The Man Club.<\/li>\n<li>Juegos de ping-pong en el \u00e1rea de The Man Club.<\/li>\n<li>Juegos de futbolito de mesa Venta de alimentos y meriendas en el \u00e1rea de The Man Club.<\/li>\n<li>Comidas de Food trucks en el \u00e1rea de comidas.<\/li>\n<li>Area de postres y golosinas en el \u00e1rea de golosinas.<\/li>\n<li>Refrescos y agua en el \u00e1rea de comidas.<\/li>\n<\/ul>\n<p><strong>5:00 pm \u2013 6:00 pm<\/strong><\/p>\n<ul>\n<li>Concierto de cierre con artista nacional en el escenario principal.<\/li>\n<\/ul>\n<p>\n<\/div><\/div><\/div><\/div><\/div>[vc_empty_space height=\u00bb120px\u00bb][\/vc_column][\/vc_row][vc_row el_id=\u00bbTickets\u00bb][vc_column][vc_empty_space height=\u00bb75px\u00bb][vc_empty_space height=\u00bb75px\u00bb][vc_empty_space height=\u00bb115px\u00bb][\/vc_column][\/vc_row][vc_row full_width=\u00bbstretch_row\u00bb background-position=\u00bbcenter-center\u00bb background-attachment=\u00bbfixed\u00bb css=\u00bb.vc_custom_1562981320197{background-color: #ce373b !important;background-position: center !important;background-repeat: no-repeat !important;background-size: cover !important;}\u00bb el_id=\u00bbNewsletter\u00bb][vc_column][vc_empty_space height=\u00bb75px\u00bb]<div class=\"gt-heading gt-white gt-size1 gt-center\"><div class=\"gt-title\">NOTICIAS<\/div><div class=\"gt-separate\"><i class=\"far fa-envelope-open\" aria-hidden=\"true\"><\/i><\/div><div class=\"gt-text\">Inscr\u00edbete para recibir nuestros correos de promociones o informaci\u00f3n de eventos de tu inter\u00e9s.<\/div><\/div>[vc_empty_space height=\u00bb110px\u00bb][vc_row_inner][vc_column_inner offset=\u00bbvc_col-lg-1 vc_col-md-1 vc_hidden-sm vc_hidden-xs\u00bb][\/vc_column_inner][vc_column_inner offset=\u00bbvc_col-lg-10 vc_col-md-10 vc_col-xs-12&#8243;]<div class=\"gt-mailchimp-newsletter gt-dark\"><script>(function() {\n\twindow.mc4wp = window.mc4wp || {\n\t\tlisteners: [],\n\t\tforms: {\n\t\t\ton: function(evt, cb) {\n\t\t\t\twindow.mc4wp.listeners.push(\n\t\t\t\t\t{\n\t\t\t\t\t\tevent   : evt,\n\t\t\t\t\t\tcallback: cb\n\t\t\t\t\t}\n\t\t\t\t);\n\t\t\t}\n\t\t}\n\t}\n})();\n<\/script><!-- Mailchimp for WordPress v4.9.17 - https:\/\/wordpress.org\/plugins\/mailchimp-for-wp\/ --><form id=\"mc4wp-form-1\" class=\"mc4wp-form mc4wp-form-306\" method=\"post\" data-id=\"306\" data-name=\"Eventchamp\" ><div class=\"mc4wp-form-fields\"><div class=\"gt-columns gt-column-3 gt-column-space-30\">\r\n  <div class=\"gt-col\">\r\n    <div class=\"gt-inner\">\r\n      <input type=\"email\" name=\"EMAIL\" placeholder=\"Ingresa tu direcci\u00f3n de correo\" required \/>\r\n    <\/div>\r\n  <\/div>\r\n  <div class=\"gt-col\">\r\n    <div class=\"gt-inner\">\r\n      <input type=\"text\" name=\"FNAME\" placeholder=\"Ingresa tu nombre\">\r\n    <\/div>\r\n  <\/div>\r\n  <div class=\"gt-col\">\r\n    <div class=\"gt-inner\">\r\n      <button type=\"submit\">Enviar<\/button>\r\n    <\/div>\r\n  <\/div>\r\n<\/div>\r\n<div class=\"gt-space-height-15\"><\/div>\r\n<div class=\"gt-columns gt-column-1 gt-column-space-30\">\r\n  <div class=\"gt-col\">\r\n    <div class=\"gt-inner\">\r\n      <input name=\"AGREE_TO_TERMS\" id=\"mailchamp-agree-terms\" type=\"checkbox\" class=\"gt-checkbox\" value=\"1\" required=\"\">\r\n      <label class=\"gt-checkbox-label\" for=\"mailchamp-agree-terms\" >\r\n        Estoy de acuerdo con recibir las noticias que Expofamilia considere son de mi inter\u00e9s.&nbsp;<a href=\"https:\/\/www.televicentro.hn\/\" target=\"_blank\" rel=\"noopener noreferrer\">terminos &amp; condiciones<\/a>.\r\n      <\/label>\r\n    <\/div>\r\n  <\/div>\r\n<\/div><\/div><label style=\"display: none !important;\">Deja vac\u00edo este campo si eres humano: <input type=\"text\" name=\"_mc4wp_honeypot\" value=\"\" tabindex=\"-1\" autocomplete=\"off\" \/><\/label><input type=\"hidden\" name=\"_mc4wp_timestamp\" value=\"1777663311\" \/><input type=\"hidden\" name=\"_mc4wp_form_id\" value=\"306\" \/><input type=\"hidden\" name=\"_mc4wp_form_element_id\" value=\"mc4wp-form-1\" \/><div class=\"mc4wp-response\"><\/div><\/form><!-- \/ Mailchimp for WordPress Plugin --><\/div>[\/vc_column_inner][vc_column_inner offset=\u00bbvc_col-lg-1 vc_col-md-1 vc_hidden-sm vc_hidden-xs\u00bb][\/vc_column_inner][\/vc_row_inner][vc_empty_space height=\u00bb120px\u00bb][\/vc_column][\/vc_row][vc_row el_id=\u00bbSponsors\u00bb][vc_column][vc_empty_space][vc_empty_space height=\u00bb120px\u00bb]<div class=\"gt-heading gt-dark gt-size1 gt-center\"><div class=\"gt-title\"><span>PATROCINADORES<\/span><\/div><div class=\"gt-separate\"><i class=\"fas fa-ellipsis-h\" aria-hidden=\"true\"><\/i><\/div><div class=\"gt-text\">EXPOFAMILIA<\/div><\/div>[vc_raw_html]JTVCbG9nb3Nob3djYXNlJTIwY2F0X2lkJTNEJTIyNjYlMjIlNUQ=[\/vc_raw_html][vc_raw_html]JTVCbG9nb3Nob3djYXNlJTIwY2F0X2lkJTNEJTIyNjclMjIlNUQ=[\/vc_raw_html][vc_empty_space height=\u00bb75px\u00bb][\/vc_column][\/vc_row][vc_row full_width=\u00bbstretch_row\u00bb background-position=\u00bbcenter-center\u00bb background-attachment=\u00bbfixed\u00bb css=\u00bb.vc_custom_1562981231749{background-color: #683e97 !important;background-position: center !important;background-repeat: no-repeat !important;background-size: cover !important;}\u00bb][vc_column][vc_empty_space height=\u00bb85px\u00bb][vc_row_inner][vc_column_inner width=\u00bb1\/2&#8243; offset=\u00bbvc_col-lg-1\/5 vc_col-md-1\/5 vc_col-xs-6&#8243;]<div class=\"gt-counter gt-white\" data-gt-delay=\"10\" data-gt-time=\"2000\"><div class=\"gt-number\">9000<\/div><div class=\"gt-title\">Familias<\/div><\/div>[vc_empty_space height=\u00bb30px\u00bb][\/vc_column_inner][vc_column_inner width=\u00bb1\/2&#8243; offset=\u00bbvc_col-lg-1\/5 vc_col-md-1\/5 vc_col-xs-6&#8243;]<div class=\"gt-counter gt-white\" data-gt-delay=\"10\" data-gt-time=\"2000\"><div class=\"gt-number\">+ 20000<\/div><div class=\"gt-title\">Personas<\/div><\/div>[vc_empty_space height=\u00bb30px\u00bb][\/vc_column_inner][vc_column_inner width=\u00bb1\/2&#8243; offset=\u00bbvc_col-lg-1\/5 vc_col-md-1\/5 vc_col-xs-6&#8243;]<div class=\"gt-counter gt-white\" data-gt-delay=\"10\" data-gt-time=\"2000\"><div class=\"gt-number\">13<\/div><div class=\"gt-title\">\u00c1reas<\/div><\/div>[vc_empty_space height=\u00bb30px\u00bb][\/vc_column_inner][vc_column_inner width=\u00bb1\/2&#8243; offset=\u00bbvc_col-lg-1\/5 vc_col-md-1\/5 vc_col-xs-6&#8243;]<div class=\"gt-counter gt-white\" data-gt-delay=\"10\" data-gt-time=\"2000\"><div class=\"gt-number\">15<\/div><div class=\"gt-title\">Conferencias<\/div><\/div>[vc_empty_space height=\u00bb30px\u00bb][\/vc_column_inner][vc_column_inner width=\u00bb1\/2&#8243; offset=\u00bbvc_col-lg-1\/5 vc_col-md-1\/5 vc_hidden-sm vc_col-xs-6 vc_hidden-xs\u00bb]<div class=\"gt-counter gt-white\" data-gt-delay=\"10\" data-gt-time=\"2000\"><div class=\"gt-number\">12<\/div><div class=\"gt-title\">Horas<\/div><\/div>[vc_empty_space height=\u00bb30px\u00bb][\/vc_column_inner][\/vc_row_inner][vc_empty_space height=\u00bb80px\u00bb][\/vc_column][\/vc_row][vc_row full_width=\u00bbstretch_row_content_no_spaces\u00bb el_id=\u00bbgaleria\u00bb][vc_column][vc_empty_space height=\u00bb75px\u00bb]<div class=\"gt-heading gt-dark gt-size1 gt-center\"><div class=\"gt-title\">GALER\u00cdA <span>FOTOGR\u00c1FICA<\/span><\/div><div class=\"gt-separate\"><i class=\"far fa-images\" aria-hidden=\"true\"><\/i><\/div><\/div>[vc_empty_space height=\u00bb115px\u00bb][vc_media_grid element_width=\u00bb3&#8243; gap=\u00bb0&#8243; item=\u00bb970&#8243; grid_id=\u00bbvc_gid:1574819239912-b8aa87546eb136881c906ccbf43e2489-7&#8243; css=\u00bb.vc_custom_1567467905947{margin-bottom: 0px !important;}\u00bb include=\u00bb5425,5403,5405,5406,5409,5410,5411,5414,5415,5416,5417,5419&#8243;][\/vc_column][\/vc_row][vc_row full_width=\u00bbstretch_row\u00bb css=\u00bb.vc_custom_1563043199084{background-color: #f9f9f9 !important;}\u00bb el_id=\u00bbnoticias\u00bb][vc_column][vc_empty_space height=\u00bb75px\u00bb]<div class=\"gt-heading gt-dark gt-size1 gt-center\"><div class=\"gt-title\">\u00daltimas <span>Noticias<\/span><\/div><div class=\"gt-separate\"><i class=\"far fa-newspaper\" aria-hidden=\"true\"><\/i><\/div><\/div>[vc_empty_space height=\u00bb115px\u00bb]<div class=\"gt-blog-carousel\"><div class=\"swiper-container gt-swiper-slider\" data-gt-item=\"2\" data-gt-item-space=\"30\" data-gt-loop=\"true\" data-gt-speed=\"1000\" data-gt-direction=\"horizontal\" data-gt-effect=\"slide\" data-gt-centered-slides=\"false\" data-gt-free-mode=\"false\"><div class=\"swiper-wrapper\"><div class=\"swiper-slide\" data-swiper-autoplay=\"15000\"><div class=\"gt-post-style-1\"><div class=\"gt-image\"><a href=\"https:\/\/expofamilia.hn\/expofamilia.hn\/2022\/09\/02\/expofamilia-el-evento-mas-grande-de-honduras-reunio-a-mas-de-20-mil-personas\/\" title=\"ExpoFamilia 2019, el evento m\u00e1s grande de Honduras y lo ser\u00e1 este 2022\"><img loading=\"lazy\" decoding=\"async\" width=\"870\" height=\"550\" src=\"https:\/\/expofamilia.hn\/expofamilia.hn\/wp-content\/uploads\/2019\/09\/expofamilia-870x550.jpg\" class=\"attachment-eventchamp-big-post size-eventchamp-big-post wp-post-image\" alt=\"Expofamilia 2019 televicentro Honduras\" \/><\/a><div class=\"gt-category\"><ul class=\"post-categories\">\n\t<li><a href=\"https:\/\/expofamilia.hn\/expofamilia.hn\/category\/expofamilia\/\" rel=\"category tag\">ExpoFamilia<\/a><\/li><\/ul><\/div><\/div><div class=\"gt-title\"><a href=\"https:\/\/expofamilia.hn\/expofamilia.hn\/2022\/09\/02\/expofamilia-el-evento-mas-grande-de-honduras-reunio-a-mas-de-20-mil-personas\/\" title=\"ExpoFamilia 2019, el evento m\u00e1s grande de Honduras y lo ser\u00e1 este 2022\">ExpoFamilia 2019, el evento m\u00e1s grande de Honduras y lo ser\u00e1 este 2022<\/a><\/div><div class=\"gt-excerpt\">Por ello te esperamos este 2022 en cualquiera de nuestras mega ferias para la familia tanto en Tegucigalpa, La Ceiba, San Pedro sula, Navidad Tegucigalpa y Choluteca y seguir siendo el evento m\u00e1s grande de Honduras. El gran cierre fue...<\/div><div class=\"gt-bottom\"><ul><li><i class=\"far fa-calendar-alt\"><\/i>2 septiembre, 2022<\/li><li><i class=\"far fa-comments\"><\/i>0 Comment<\/li><\/ul><\/div><\/div><\/div><div class=\"swiper-slide\" data-swiper-autoplay=\"15000\"><div class=\"gt-post-style-1\"><div class=\"gt-image\"><a href=\"https:\/\/expofamilia.hn\/expofamilia.hn\/2022\/08\/15\/10-razones-por-las-que-no-debes-faltar-a-expo-familia\/\" title=\"10 razones por las que no debes faltar a Expo Familia 2022\"><img loading=\"lazy\" decoding=\"async\" width=\"670\" height=\"445\" src=\"https:\/\/expofamilia.hn\/expofamilia.hn\/wp-content\/uploads\/2019\/08\/expofamilia.jpg\" class=\"attachment-eventchamp-big-post size-eventchamp-big-post wp-post-image\" alt=\"\" srcset=\"https:\/\/expofamilia.hn\/expofamilia.hn\/wp-content\/uploads\/2019\/08\/expofamilia.jpg 670w, https:\/\/expofamilia.hn\/expofamilia.hn\/wp-content\/uploads\/2019\/08\/expofamilia-300x199.jpg 300w\" sizes=\"auto, (max-width: 670px) 100vw, 670px\" \/><\/a><div class=\"gt-category\"><ul class=\"post-categories\">\n\t<li><a href=\"https:\/\/expofamilia.hn\/expofamilia.hn\/category\/expofamilia\/\" rel=\"category tag\">ExpoFamilia<\/a><\/li><\/ul><\/div><\/div><div class=\"gt-title\"><a href=\"https:\/\/expofamilia.hn\/expofamilia.hn\/2022\/08\/15\/10-razones-por-las-que-no-debes-faltar-a-expo-familia\/\" title=\"10 razones por las que no debes faltar a Expo Familia 2022\">10 razones por las que no debes faltar a Expo Familia 2022<\/a><\/div><div class=\"gt-excerpt\">Cada vez falta menos para el evento familiar del a\u00f1o en tu zona, un d\u00eda en el que la familia podr\u00e1 disfrutar de diversas actividades llenas de diversi\u00f3n y aprendizaje. Expo Familia ser\u00e1 el pr\u00f3ximo 22 de octubre en Tegucigalpa,...<\/div><div class=\"gt-bottom\"><ul><li><i class=\"far fa-calendar-alt\"><\/i>15 agosto, 2022<\/li><li><i class=\"far fa-comments\"><\/i>0 Comment<\/li><\/ul><\/div><\/div><\/div><div class=\"swiper-slide\" data-swiper-autoplay=\"15000\"><div class=\"gt-post-style-1\"><div class=\"gt-image\"><a href=\"https:\/\/expofamilia.hn\/expofamilia.hn\/2022\/08\/14\/estas-son-las-actividades-que-podras-encontrar-en-expo-familia\/\" title=\"Estas son las actividades que podr\u00e1s encontrar en Expo Familia 2022\"><img loading=\"lazy\" decoding=\"async\" width=\"626\" height=\"417\" src=\"https:\/\/expofamilia.hn\/expofamilia.hn\/wp-content\/uploads\/2019\/08\/familia-jugando-cometa-colores_53876-247.jpg\" class=\"attachment-eventchamp-big-post size-eventchamp-big-post wp-post-image\" alt=\"\" srcset=\"https:\/\/expofamilia.hn\/expofamilia.hn\/wp-content\/uploads\/2019\/08\/familia-jugando-cometa-colores_53876-247.jpg 626w, https:\/\/expofamilia.hn\/expofamilia.hn\/wp-content\/uploads\/2019\/08\/familia-jugando-cometa-colores_53876-247-300x200.jpg 300w\" sizes=\"auto, (max-width: 626px) 100vw, 626px\" \/><\/a><div class=\"gt-category\"><ul class=\"post-categories\">\n\t<li><a href=\"https:\/\/expofamilia.hn\/expofamilia.hn\/category\/expofamilia\/\" rel=\"category tag\">ExpoFamilia<\/a><\/li><\/ul><\/div><\/div><div class=\"gt-title\"><a href=\"https:\/\/expofamilia.hn\/expofamilia.hn\/2022\/08\/14\/estas-son-las-actividades-que-podras-encontrar-en-expo-familia\/\" title=\"Estas son las actividades que podr\u00e1s encontrar en Expo Familia 2022\">Estas son las actividades que podr\u00e1s encontrar en Expo Familia 2022<\/a><\/div><div class=\"gt-excerpt\">El d\u00eda de Expo Familia para tu ciudad cada vez est\u00e1 m\u00e1s cerca y todos quieren saber que actividades se realizar\u00e1n en el evento familiar m\u00e1s importante del a\u00f1o. Tendremos un mundo de actividades similares en cada ciudad como \u00e1reas...<\/div><div class=\"gt-bottom\"><ul><li><i class=\"far fa-calendar-alt\"><\/i>14 agosto, 2022<\/li><li><i class=\"far fa-comments\"><\/i>0 Comment<\/li><\/ul><\/div><\/div><\/div><div class=\"swiper-slide\" data-swiper-autoplay=\"15000\"><div class=\"gt-post-style-1\"><div class=\"gt-image\"><a href=\"https:\/\/expofamilia.hn\/expofamilia.hn\/2022\/08\/06\/por-que-se-celebra-el-mes-de-la-familia\/\" title=\"\u00bfPor qu\u00e9 la familia debe buscar espacios para disfrutar juntos?\"><img loading=\"lazy\" decoding=\"async\" width=\"870\" height=\"550\" src=\"https:\/\/expofamilia.hn\/expofamilia.hn\/wp-content\/uploads\/2019\/08\/familia-reconstruida-870x550.jpg\" class=\"attachment-eventchamp-big-post size-eventchamp-big-post wp-post-image\" alt=\"\" \/><\/a><div class=\"gt-category\"><ul class=\"post-categories\">\n\t<li><a href=\"https:\/\/expofamilia.hn\/expofamilia.hn\/category\/expofamilia\/\" rel=\"category tag\">ExpoFamilia<\/a><\/li><\/ul><\/div><\/div><div class=\"gt-title\"><a href=\"https:\/\/expofamilia.hn\/expofamilia.hn\/2022\/08\/06\/por-que-se-celebra-el-mes-de-la-familia\/\" title=\"\u00bfPor qu\u00e9 la familia debe buscar espacios para disfrutar juntos?\">\u00bfPor qu\u00e9 la familia debe buscar espacios para disfrutar juntos?<\/a><\/div><div class=\"gt-excerpt\">Estos espacios son sumamente necesario para estrechar el v\u00ednculo familiar, generar momentos que se guarden en lo m\u00e1s profundo de los pensamientos de cada miembro, fortalece la relaci\u00f3n entre cada uno y genera la conciencia de unicidad tan necesaria para...<\/div><div class=\"gt-bottom\"><ul><li><i class=\"far fa-calendar-alt\"><\/i>6 agosto, 2022<\/li><li><i class=\"far fa-comments\"><\/i>0 Comment<\/li><\/ul><\/div><\/div><\/div><div class=\"swiper-slide\" data-swiper-autoplay=\"15000\"><div class=\"gt-post-style-1\"><div class=\"gt-image\"><a href=\"https:\/\/expofamilia.hn\/expofamilia.hn\/2022\/07\/13\/que-es-expofamilia-y-porque-debo-estar-alli-con-mi-familia\/\" title=\"\u00bfQu\u00e9 es Expofamilia y porqu\u00e9 debo estar all\u00ed con mi familia?\"><img loading=\"lazy\" decoding=\"async\" width=\"870\" height=\"550\" src=\"https:\/\/expofamilia.hn\/expofamilia.hn\/wp-content\/uploads\/2019\/07\/8-1-870x550.jpg\" class=\"attachment-eventchamp-big-post size-eventchamp-big-post wp-post-image\" alt=\"\" \/><\/a><div class=\"gt-category\"><ul class=\"post-categories\">\n\t<li><a href=\"https:\/\/expofamilia.hn\/expofamilia.hn\/category\/expofamilia\/\" rel=\"category tag\">ExpoFamilia<\/a><\/li><\/ul><\/div><\/div><div class=\"gt-title\"><a href=\"https:\/\/expofamilia.hn\/expofamilia.hn\/2022\/07\/13\/que-es-expofamilia-y-porque-debo-estar-alli-con-mi-familia\/\" title=\"\u00bfQu\u00e9 es Expofamilia y porqu\u00e9 debo estar all\u00ed con mi familia?\">\u00bfQu\u00e9 es Expofamilia y porqu\u00e9 debo estar all\u00ed con mi familia?<\/a><\/div><div class=\"gt-excerpt\">Expofamilia es la primera y \u00fanica feria dedicada exclusivamente a la familia en Honduras , donde las mismas disfrutan de espacios dise\u00f1ados para generar un ambiente de uni\u00f3n familiar, en seguridad, confort, alegr\u00eda, m\u00fasica, actividades de entretenimiento, salud y comidas....<\/div><div class=\"gt-bottom\"><ul><li><i class=\"far fa-calendar-alt\"><\/i>13 julio, 2022<\/li><li><i class=\"far fa-comments\"><\/i>0 Comment<\/li><\/ul><\/div><\/div><\/div><div class=\"swiper-slide\" data-swiper-autoplay=\"15000\"><div class=\"gt-post-style-1\"><div class=\"gt-image\"><a href=\"https:\/\/expofamilia.hn\/expofamilia.hn\/2022\/07\/02\/la-historia-detras-del-ganador-del-desfile-de-mascotas\/\" title=\"La historia detr\u00e1s del ganador del desfile de mascotas en la Expofamilia 2019\"><img loading=\"lazy\" decoding=\"async\" width=\"593\" height=\"469\" src=\"https:\/\/expofamilia.hn\/expofamilia.hn\/wp-content\/uploads\/2019\/09\/j5-1.jpg\" class=\"attachment-eventchamp-big-post size-eventchamp-big-post wp-post-image\" alt=\"\" srcset=\"https:\/\/expofamilia.hn\/expofamilia.hn\/wp-content\/uploads\/2019\/09\/j5-1.jpg 593w, https:\/\/expofamilia.hn\/expofamilia.hn\/wp-content\/uploads\/2019\/09\/j5-1-300x237.jpg 300w\" sizes=\"auto, (max-width: 593px) 100vw, 593px\" \/><\/a><div class=\"gt-category\"><ul class=\"post-categories\">\n\t<li><a href=\"https:\/\/expofamilia.hn\/expofamilia.hn\/category\/expofamilia\/\" rel=\"category tag\">ExpoFamilia<\/a><\/li><\/ul><\/div><\/div><div class=\"gt-title\"><a href=\"https:\/\/expofamilia.hn\/expofamilia.hn\/2022\/07\/02\/la-historia-detras-del-ganador-del-desfile-de-mascotas\/\" title=\"La historia detr\u00e1s del ganador del desfile de mascotas en la Expofamilia 2019\">La historia detr\u00e1s del ganador del desfile de mascotas en la Expofamilia 2019<\/a><\/div><div class=\"gt-excerpt\">Por esta y m\u00e1s historias que viviremos, acomp\u00e1\u00f1anos en las expofamilias de Tegucigalpa, La Ceiba, San Pedro sula, Navidad Tegucigalpa y Choluteca y seguir siendo el evento m\u00e1s grande de Honduras . Jorghito el ganador del Desfile de Mascotas en...<\/div><div class=\"gt-bottom\"><ul><li><i class=\"far fa-calendar-alt\"><\/i>2 julio, 2022<\/li><li><i class=\"far fa-comments\"><\/i>0 Comment<\/li><\/ul><\/div><\/div><\/div><div class=\"swiper-slide\" data-swiper-autoplay=\"15000\"><div class=\"gt-post-style-1\"><div class=\"gt-image\"><a href=\"https:\/\/expofamilia.hn\/expofamilia.hn\/2019\/08\/22\/4-recomendaciones-para-dar-una-buena-impresion-durante-una-entrevista-de-trabajo\/\" title=\"4 recomendaciones para dar una buena impresi\u00f3n durante una entrevista de trabajo\"><img loading=\"lazy\" decoding=\"async\" width=\"534\" height=\"326\" src=\"https:\/\/expofamilia.hn\/expofamilia.hn\/wp-content\/uploads\/2019\/08\/entrevista-laboral.jpg\" class=\"attachment-eventchamp-big-post size-eventchamp-big-post wp-post-image\" alt=\"\" srcset=\"https:\/\/expofamilia.hn\/expofamilia.hn\/wp-content\/uploads\/2019\/08\/entrevista-laboral.jpg 534w, https:\/\/expofamilia.hn\/expofamilia.hn\/wp-content\/uploads\/2019\/08\/entrevista-laboral-300x183.jpg 300w, https:\/\/expofamilia.hn\/expofamilia.hn\/wp-content\/uploads\/2019\/08\/entrevista-laboral-130x80.jpg 130w\" sizes=\"auto, (max-width: 534px) 100vw, 534px\" \/><\/a><div class=\"gt-category\"><ul class=\"post-categories\">\n\t<li><a href=\"https:\/\/expofamilia.hn\/expofamilia.hn\/category\/expofamilia\/\" rel=\"category tag\">ExpoFamilia<\/a><\/li><\/ul><\/div><\/div><div class=\"gt-title\"><a href=\"https:\/\/expofamilia.hn\/expofamilia.hn\/2019\/08\/22\/4-recomendaciones-para-dar-una-buena-impresion-durante-una-entrevista-de-trabajo\/\" title=\"4 recomendaciones para dar una buena impresi\u00f3n durante una entrevista de trabajo\">4 recomendaciones para dar una buena impresi\u00f3n durante una entrevista de trabajo<\/a><\/div><div class=\"gt-excerpt\">La apariencia y el comportamiento que se tengan durante la entrevista pueden jugar un papel determinante. Para poder tener una mejor oportunidad en la b\u00fasqueda de empleo debes tomar en cuenta varios aspectos antes de ir a una entrevista de...<\/div><div class=\"gt-bottom\"><ul><li><i class=\"far fa-calendar-alt\"><\/i>22 agosto, 2019<\/li><li><i class=\"far fa-comments\"><\/i>0 Comment<\/li><\/ul><\/div><\/div><\/div><div class=\"swiper-slide\" data-swiper-autoplay=\"15000\"><div class=\"gt-post-style-1\"><div class=\"gt-image\"><a href=\"https:\/\/expofamilia.hn\/expofamilia.hn\/2019\/08\/22\/5-juegos-educativos-para-celular-que-tus-hijos-amaran\/\" title=\"5 juegos educativos para celular que tus hijos amar\u00e1n\"><img loading=\"lazy\" decoding=\"async\" width=\"870\" height=\"550\" src=\"https:\/\/expofamilia.hn\/expofamilia.hn\/wp-content\/uploads\/2019\/08\/juegos-educativos-870x550.jpg\" class=\"attachment-eventchamp-big-post size-eventchamp-big-post wp-post-image\" alt=\"\" \/><\/a><div class=\"gt-category\"><ul class=\"post-categories\">\n\t<li><a href=\"https:\/\/expofamilia.hn\/expofamilia.hn\/category\/expofamilia\/\" rel=\"category tag\">ExpoFamilia<\/a><\/li><\/ul><\/div><\/div><div class=\"gt-title\"><a href=\"https:\/\/expofamilia.hn\/expofamilia.hn\/2019\/08\/22\/5-juegos-educativos-para-celular-que-tus-hijos-amaran\/\" title=\"5 juegos educativos para celular que tus hijos amar\u00e1n\">5 juegos educativos para celular que tus hijos amar\u00e1n<\/a><\/div><div class=\"gt-excerpt\">La diversi\u00f3n forma parte del crecimiento de tus hijos, es la forma en la que aprenden a compartir con los dem\u00e1s ni\u00f1os. En la era de la tecnolog\u00eda, los celulares se han convertido en parte de ese entretenimiento, sin embargo...<\/div><div class=\"gt-bottom\"><ul><li><i class=\"far fa-calendar-alt\"><\/i>22 agosto, 2019<\/li><li><i class=\"far fa-comments\"><\/i>0 Comment<\/li><\/ul><\/div><\/div><\/div><div class=\"swiper-slide\" data-swiper-autoplay=\"15000\"><div class=\"gt-post-style-1\"><div class=\"gt-image\"><a href=\"https:\/\/expofamilia.hn\/expofamilia.hn\/2019\/08\/20\/conoce-las-5-mejores-aplicaciones-para-editar-tus-fotografias\/\" title=\"Conoce las 5 mejores aplicaciones para editar tus fotograf\u00edas\"><img loading=\"lazy\" decoding=\"async\" width=\"870\" height=\"550\" src=\"https:\/\/expofamilia.hn\/expofamilia.hn\/wp-content\/uploads\/2019\/08\/aplicaciones-fotograf\u00edas-1-870x550.jpg\" class=\"attachment-eventchamp-big-post size-eventchamp-big-post wp-post-image\" alt=\"\" \/><\/a><div class=\"gt-category\"><ul class=\"post-categories\">\n\t<li><a href=\"https:\/\/expofamilia.hn\/expofamilia.hn\/category\/expofamilia\/\" rel=\"category tag\">ExpoFamilia<\/a><\/li><\/ul><\/div><\/div><div class=\"gt-title\"><a href=\"https:\/\/expofamilia.hn\/expofamilia.hn\/2019\/08\/20\/conoce-las-5-mejores-aplicaciones-para-editar-tus-fotografias\/\" title=\"Conoce las 5 mejores aplicaciones para editar tus fotograf\u00edas\">Conoce las 5 mejores aplicaciones para editar tus fotograf\u00edas<\/a><\/div><div class=\"gt-excerpt\">La fotograf\u00eda se ha vuelto una herramienta para captar la atenci\u00f3n de las personas y la mejor manera de hacerlo es a trav\u00e9s de buenas im\u00e1genes que trasmitan lo que se quiere lograr. Ahora desde tu tel\u00e9fono celular puedes lograr...<\/div><div class=\"gt-bottom\"><ul><li><i class=\"far fa-calendar-alt\"><\/i>20 agosto, 2019<\/li><li><i class=\"far fa-comments\"><\/i>0 Comment<\/li><\/ul><\/div><\/div><\/div><div class=\"swiper-slide\" data-swiper-autoplay=\"15000\"><div class=\"gt-post-style-1\"><div class=\"gt-image\"><a href=\"https:\/\/expofamilia.hn\/expofamilia.hn\/2019\/08\/20\/20-nombres-originales-y-bonitos-para-tu-perro\/\" title=\"20 nombres originales y bonitos para tu perro\"><img loading=\"lazy\" decoding=\"async\" width=\"640\" height=\"422\" src=\"https:\/\/expofamilia.hn\/expofamilia.hn\/wp-content\/uploads\/2019\/08\/perros-bonitos.jpg\" class=\"attachment-eventchamp-big-post size-eventchamp-big-post wp-post-image\" alt=\"\" srcset=\"https:\/\/expofamilia.hn\/expofamilia.hn\/wp-content\/uploads\/2019\/08\/perros-bonitos.jpg 640w, https:\/\/expofamilia.hn\/expofamilia.hn\/wp-content\/uploads\/2019\/08\/perros-bonitos-300x198.jpg 300w\" sizes=\"auto, (max-width: 640px) 100vw, 640px\" \/><\/a><div class=\"gt-category\"><ul class=\"post-categories\">\n\t<li><a href=\"https:\/\/expofamilia.hn\/expofamilia.hn\/category\/expofamilia\/\" rel=\"category tag\">ExpoFamilia<\/a><\/li><\/ul><\/div><\/div><div class=\"gt-title\"><a href=\"https:\/\/expofamilia.hn\/expofamilia.hn\/2019\/08\/20\/20-nombres-originales-y-bonitos-para-tu-perro\/\" title=\"20 nombres originales y bonitos para tu perro\">20 nombres originales y bonitos para tu perro<\/a><\/div><div class=\"gt-excerpt\">Elegir un nombre para una mascota que formar\u00e1 parte de la familia es un paso importante y en ocasiones puede tomar mucho tiempo, es por eso que no debemos tomarlo a la ligera. Hay varias cosas que debemos tomar en...<\/div><div class=\"gt-bottom\"><ul><li><i class=\"far fa-calendar-alt\"><\/i>20 agosto, 2019<\/li><li><i class=\"far fa-comments\"><\/i>0 Comment<\/li><\/ul><\/div><\/div><\/div><div class=\"swiper-slide\" data-swiper-autoplay=\"15000\"><div class=\"gt-post-style-1\"><div class=\"gt-image\"><a href=\"https:\/\/expofamilia.hn\/expofamilia.hn\/2019\/08\/20\/tu-salud-te-lo-agradecera-conoce-los-beneficios-de-la-cascara-de-la-pina\/\" title=\"Tu salud te lo agradecer\u00e1: Conoce los beneficios de la c\u00e1scara de la pi\u00f1a\"><img loading=\"lazy\" decoding=\"async\" width=\"700\" height=\"500\" src=\"https:\/\/expofamilia.hn\/expofamilia.hn\/wp-content\/uploads\/2019\/08\/pi\u00f1a-c\u00e1scara.jpg\" class=\"attachment-eventchamp-big-post size-eventchamp-big-post wp-post-image\" alt=\"\" srcset=\"https:\/\/expofamilia.hn\/expofamilia.hn\/wp-content\/uploads\/2019\/08\/pi\u00f1a-c\u00e1scara.jpg 700w, https:\/\/expofamilia.hn\/expofamilia.hn\/wp-content\/uploads\/2019\/08\/pi\u00f1a-c\u00e1scara-300x214.jpg 300w\" sizes=\"auto, (max-width: 700px) 100vw, 700px\" \/><\/a><div class=\"gt-category\"><ul class=\"post-categories\">\n\t<li><a href=\"https:\/\/expofamilia.hn\/expofamilia.hn\/category\/expofamilia\/\" rel=\"category tag\">ExpoFamilia<\/a><\/li><\/ul><\/div><\/div><div class=\"gt-title\"><a href=\"https:\/\/expofamilia.hn\/expofamilia.hn\/2019\/08\/20\/tu-salud-te-lo-agradecera-conoce-los-beneficios-de-la-cascara-de-la-pina\/\" title=\"Tu salud te lo agradecer\u00e1: Conoce los beneficios de la c\u00e1scara de la pi\u00f1a\">Tu salud te lo agradecer\u00e1: Conoce los beneficios de la c\u00e1scara de la pi\u00f1a<\/a><\/div><div class=\"gt-excerpt\">Estamos acostumbrados a pelar la fruta antes de comerla. Sin embargo, en el caso de la pi\u00f1a, cometemos un gran error pues en su c\u00e1scara es en donde m\u00e1s nutrientes encontramos.&nbsp; Comer la fruta con piel no siempre es agradable,...<\/div><div class=\"gt-bottom\"><ul><li><i class=\"far fa-calendar-alt\"><\/i>20 agosto, 2019<\/li><li><i class=\"far fa-comments\"><\/i>0 Comment<\/li><\/ul><\/div><\/div><\/div><div class=\"swiper-slide\" data-swiper-autoplay=\"15000\"><div class=\"gt-post-style-1\"><div class=\"gt-image\"><a href=\"https:\/\/expofamilia.hn\/expofamilia.hn\/2019\/08\/20\/8-frutas-que-traen-mayor-beneficio-a-tu-salud\/\" title=\"8 frutas que traen mayor beneficio a tu salud\"><img loading=\"lazy\" decoding=\"async\" width=\"870\" height=\"550\" src=\"https:\/\/expofamilia.hn\/expofamilia.hn\/wp-content\/uploads\/2019\/08\/frutas-870x550.jpg\" class=\"attachment-eventchamp-big-post size-eventchamp-big-post wp-post-image\" alt=\"\" \/><\/a><div class=\"gt-category\"><ul class=\"post-categories\">\n\t<li><a href=\"https:\/\/expofamilia.hn\/expofamilia.hn\/category\/expofamilia\/\" rel=\"category tag\">ExpoFamilia<\/a><\/li><\/ul><\/div><\/div><div class=\"gt-title\"><a href=\"https:\/\/expofamilia.hn\/expofamilia.hn\/2019\/08\/20\/8-frutas-que-traen-mayor-beneficio-a-tu-salud\/\" title=\"8 frutas que traen mayor beneficio a tu salud\">8 frutas que traen mayor beneficio a tu salud<\/a><\/div><div class=\"gt-excerpt\">Las frutas encajan a cualquier hora del d\u00eda y trae muchos beneficios al cuerpo. Adem\u00e1s son nutritivas y cuentan con muchas vitaminas. A continuaci\u00f3n te ayudamos a conocer ocho de las frutas m\u00e1s saludables: Bananos: Son conocidos por aportar gran...<\/div><div class=\"gt-bottom\"><ul><li><i class=\"far fa-calendar-alt\"><\/i>20 agosto, 2019<\/li><li><i class=\"far fa-comments\"><\/i>0 Comment<\/li><\/ul><\/div><\/div><\/div><div class=\"swiper-slide\" data-swiper-autoplay=\"15000\"><div class=\"gt-post-style-1\"><div class=\"gt-image\"><a href=\"https:\/\/expofamilia.hn\/expofamilia.hn\/2019\/08\/19\/5-trucos-para-que-la-bateria-de-su-celular-dure-mucho-mas-tiempo-cargada\/\" title=\"5 trucos para que la bater\u00eda de su celular dure mucho m\u00e1s tiempo cargada\"><img loading=\"lazy\" decoding=\"async\" width=\"870\" height=\"550\" src=\"https:\/\/expofamilia.hn\/expofamilia.hn\/wp-content\/uploads\/2019\/08\/bateria-de-celular-cargada-al-100-1920-870x550.jpg\" class=\"attachment-eventchamp-big-post size-eventchamp-big-post wp-post-image\" alt=\"\" \/><\/a><div class=\"gt-category\"><ul class=\"post-categories\">\n\t<li><a href=\"https:\/\/expofamilia.hn\/expofamilia.hn\/category\/expofamilia\/\" rel=\"category tag\">ExpoFamilia<\/a><\/li><\/ul><\/div><\/div><div class=\"gt-title\"><a href=\"https:\/\/expofamilia.hn\/expofamilia.hn\/2019\/08\/19\/5-trucos-para-que-la-bateria-de-su-celular-dure-mucho-mas-tiempo-cargada\/\" title=\"5 trucos para que la bater\u00eda de su celular dure mucho m\u00e1s tiempo cargada\">5 trucos para que la bater\u00eda de su celular dure mucho m\u00e1s tiempo cargada<\/a><\/div><div class=\"gt-excerpt\">S\u00ed su tel\u00e9fono tiene m\u00e1s de un a\u00f1o, su bater\u00eda ya no es lo que sol\u00eda ser. Las bater\u00edas de litio que usan nuestros celulares tienden a desgastarse con el tiempo. Estos 5 trucos te pueden ayudar a mantener la...<\/div><div class=\"gt-bottom\"><ul><li><i class=\"far fa-calendar-alt\"><\/i>19 agosto, 2019<\/li><li><i class=\"far fa-comments\"><\/i>0 Comment<\/li><\/ul><\/div><\/div><\/div><div class=\"swiper-slide\" data-swiper-autoplay=\"15000\"><div class=\"gt-post-style-1\"><div class=\"gt-image\"><a href=\"https:\/\/expofamilia.hn\/expofamilia.hn\/2019\/08\/16\/10-errores-que-podrian-estar-danando-tu-celular\/\" title=\"10 errores que podr\u00edan estar da\u00f1ando tu celular\"><img loading=\"lazy\" decoding=\"async\" width=\"870\" height=\"550\" src=\"https:\/\/expofamilia.hn\/expofamilia.hn\/wp-content\/uploads\/2019\/08\/errores-comunes-celular-870x550.jpg\" class=\"attachment-eventchamp-big-post size-eventchamp-big-post wp-post-image\" alt=\"\" \/><\/a><div class=\"gt-category\"><ul class=\"post-categories\">\n\t<li><a href=\"https:\/\/expofamilia.hn\/expofamilia.hn\/category\/expofamilia\/\" rel=\"category tag\">ExpoFamilia<\/a><\/li><\/ul><\/div><\/div><div class=\"gt-title\"><a href=\"https:\/\/expofamilia.hn\/expofamilia.hn\/2019\/08\/16\/10-errores-que-podrian-estar-danando-tu-celular\/\" title=\"10 errores que podr\u00edan estar da\u00f1ando tu celular\">10 errores que podr\u00edan estar da\u00f1ando tu celular<\/a><\/div><div class=\"gt-excerpt\">Los detalles que hacemos en un d\u00eda normal, puede afectar a los tel\u00e9fonos inteligentes de varias maneras, provocando consecuencias reales. Un ejemplo de eso es dejar el celular en un lugar soleado lo que podr\u00eda causar un recalentamiento en el...<\/div><div class=\"gt-bottom\"><ul><li><i class=\"far fa-calendar-alt\"><\/i>16 agosto, 2019<\/li><li><i class=\"far fa-comments\"><\/i>0 Comment<\/li><\/ul><\/div><\/div><\/div><div class=\"swiper-slide\" data-swiper-autoplay=\"15000\"><div class=\"gt-post-style-1\"><div class=\"gt-image\"><a href=\"https:\/\/expofamilia.hn\/expofamilia.hn\/2019\/08\/16\/las-10-mejores-aplicaciones-para-estudiantes-te-salvaran-la-vida\/\" title=\"Las 10 mejores aplicaciones para estudiantes \u00a1Te salvar\u00e1n la vida!\"><img loading=\"lazy\" decoding=\"async\" width=\"424\" height=\"283\" src=\"https:\/\/expofamilia.hn\/expofamilia.hn\/wp-content\/uploads\/2019\/08\/Apps-para-estudiantes-el-m\u00f3vil-ayuda-a-aprobar.jpg\" class=\"attachment-eventchamp-big-post size-eventchamp-big-post wp-post-image\" alt=\"\" srcset=\"https:\/\/expofamilia.hn\/expofamilia.hn\/wp-content\/uploads\/2019\/08\/Apps-para-estudiantes-el-m\u00f3vil-ayuda-a-aprobar.jpg 424w, https:\/\/expofamilia.hn\/expofamilia.hn\/wp-content\/uploads\/2019\/08\/Apps-para-estudiantes-el-m\u00f3vil-ayuda-a-aprobar-300x200.jpg 300w\" sizes=\"auto, (max-width: 424px) 100vw, 424px\" \/><\/a><div class=\"gt-category\"><ul class=\"post-categories\">\n\t<li><a href=\"https:\/\/expofamilia.hn\/expofamilia.hn\/category\/expofamilia\/\" rel=\"category tag\">ExpoFamilia<\/a><\/li><\/ul><\/div><\/div><div class=\"gt-title\"><a href=\"https:\/\/expofamilia.hn\/expofamilia.hn\/2019\/08\/16\/las-10-mejores-aplicaciones-para-estudiantes-te-salvaran-la-vida\/\" title=\"Las 10 mejores aplicaciones para estudiantes \u00a1Te salvar\u00e1n la vida!\">Las 10 mejores aplicaciones para estudiantes \u00a1Te salvar\u00e1n la vida!<\/a><\/div><div class=\"gt-excerpt\">Las aplicaciones se han convertido en parte esencial del d\u00eda, adem\u00e1s de generar&nbsp;entretenimiento, mantener informados a sus usuarios. Tambi\u00e9n se han vuelto una&nbsp;fuente de informaci\u00f3n&nbsp;en las que podemos encontrar todo lo que necesitamos, desde t\u00e9cnicas de estudios hasta algunas que...<\/div><div class=\"gt-bottom\"><ul><li><i class=\"far fa-calendar-alt\"><\/i>16 agosto, 2019<\/li><li><i class=\"far fa-comments\"><\/i>0 Comment<\/li><\/ul><\/div><\/div><\/div><\/div><div class=\"gt-pagination\"><div class=\"gt-slider-prev\"><i class=\"fas fa-chevron-left\" aria-hidden=\"true\"><\/i><\/div><div><a href=\"https:\/\/demo.gloriathemes.com\/eventchamp\/demo\/blog\/\" title=\"All Blog\" target=\"_parent\" class=\"gt-all-button\">All Blog<\/a><\/div><div class=\"gt-slider-next\"><i class=\"fas fa-chevron-right\" aria-hidden=\"true\"><\/i><\/div><\/div><\/div><\/div>[vc_empty_space height=\u00bb120px\u00bb][\/vc_column][\/vc_row][vc_row el_id=\u00bbContactanos\u00bb][vc_column offset=\u00bbvc_col-lg-2 vc_col-md-2 vc_hidden-sm vc_col-xs-12 vc_hidden-xs\u00bb][\/vc_column][vc_column offset=\u00bbvc_col-lg-8 vc_col-md-8 vc_col-xs-12&#8243;][\/vc_column][vc_column offset=\u00bbvc_col-lg-2 vc_col-md-2 vc_hidden-sm vc_col-xs-12 vc_hidden-xs\u00bb][\/vc_column][\/vc_row][vc_row full_width=\u00bbstretch_row_content_no_spaces\u00bb][vc_column]<div class=\"gt-heading gt-dark gt-size1 gt-center\"><div class=\"gt-title\">Ubicaci\u00f3n de <span>Expofamilia 2019<\/span><\/div><div class=\"gt-separate\"><i class=\"fas fa-map-marked-alt\" aria-hidden=\"true\"><\/i><\/div><div class=\"gt-text\">Mapa<\/div><\/div>[vc_gmaps link=\u00bb#E-8_JTNDaWZyYW1lJTIwc3JjJTNEJTIyaHR0cHMlM0ElMkYlMkZ3d3cuZ29vZ2xlLmNvbSUyRm1hcHMlMkZlbWJlZCUzRnBiJTNEJTIxMW0xOCUyMTFtMTIlMjExbTMlMjExZDEwOTQ1LjcwMDM3NzMxMTUyOCUyMTJkLTg3LjE3NjIwNjIxNjM1MjI3JTIxM2QxNC4wODM3MDA4NzA1ODEyMTMlMjEybTMlMjExZjAlMjEyZjAlMjEzZjAlMjEzbTIlMjExaTEwMjQlMjEyaTc2OCUyMTRmMTMuMSUyMTNtMyUyMTFtMiUyMTFzMHg4ZjZmYTMzMzIwYzdiMDMzJTI1M0EweDY0ZjBkZDQ1NzFiM2E2MjclMjEyc1BhbGFjaW8lMkJVbml2ZXJzaXRhcmlvJTJCZGUlMkJsb3MlMkJEZXBvcnRlcyUyQnklMkJsYXMlMkJDaWVuY2lhcyUyQmRlJTJCbGElMkJDdWx0dXJhJTJCRiUyNUMzJTI1QURzaWNhJTJCVU5BSCUyMTVlMCUyMTNtMiUyMTFzZXMlMjEyc2huJTIxNHYxNTYyNjM4MTkwODM2JTIxNW0yJTIxMXNlcyUyMTJzaG4lMjIlMjB3aWR0aCUzRCUyMjYwMCUyMiUyMGhlaWdodCUzRCUyMjQ1MCUyMiUyMGZyYW1lYm9yZGVyJTNEJTIyMCUyMiUyMHN0eWxlJTNEJTIyYm9yZGVyJTNBMCUyMiUyMGFsbG93ZnVsbHNjcmVlbiUzRSUzQyUyRmlmcmFtZSUzRQ==\u00bb][\/vc_column][\/vc_row]<\/p>\n","protected":false},"excerpt":{"rendered":"<p>[vc_row full_width=\u00bbstretch_row_content_no_spaces\u00bb][vc_column][vc_images_carousel images=\u00bb5405,5409,5410,5412,5414,5415,5416,5417,5418,5419,5420,5421,5422,5423,5424,5425,5404,5411,5407&#8243; img_size=\u00bbfull\u00bb slides_per_view=\u00bb3&#8243; autoplay=\u00bbyes\u00bb wrap=\u00bbyes\u00bb][\/vc_column][\/vc_row][vc_row el_id=\u00bbAbout\u00bb][vc_column][vc_empty_space height=\u00bb110px\u00bb][vc_empty_space height=\u00bb105px\u00bb][vc_row_inner gap=\u00bb25&#8243;][vc_column_inner width=\u00bb1\/2&#8243; offset=\u00bbvc_col-lg-3 vc_col-md-3 vc_col-xs-12&#8243;][vc_empty_space height=\u00bb30px\u00bb][\/vc_column_inner][vc_column_inner width=\u00bb1\/2&#8243; offset=\u00bbvc_col-lg-3 vc_col-md-3 vc_col-xs-12&#8243;][vc_empty_space height=\u00bb30px\u00bb][\/vc_column_inner][vc_column_inner width=\u00bb1\/2&#8243; offset=\u00bbvc_col-lg-3 vc_col-md-3 vc_col-xs-12&#8243;][vc_empty_space height=\u00bb30px\u00bb][\/vc_column_inner][vc_column_inner width=\u00bb1\/2&#8243; offset=\u00bbvc_col-lg-3 vc_col-md-3 vc_col-xs-12&#8243;][vc_empty_space height=\u00bb30px\u00bb][\/vc_column_inner][\/vc_row_inner][vc_empty_space height=\u00bb45px\u00bb][vc_column_text css=\u00bb.vc_custom_1562633732199{margin-bottom: 0px !important;}\u00bb] \u201cSomos m\u00e1s que una Feria&#8230;<\/p>\n","protected":false},"author":3,"featured_media":0,"parent":0,"menu_order":0,"comment_status":"closed","ping_status":"closed","template":"","meta":{"footnotes":""},"class_list":["post-5553","page","type-page","status-publish","hentry"],"_links":{"self":[{"href":"https:\/\/expofamilia.hn\/expofamilia.hn\/wp-json\/wp\/v2\/pages\/5553","targetHints":{"allow":["GET"]}}],"collection":[{"href":"https:\/\/expofamilia.hn\/expofamilia.hn\/wp-json\/wp\/v2\/pages"}],"about":[{"href":"https:\/\/expofamilia.hn\/expofamilia.hn\/wp-json\/wp\/v2\/types\/page"}],"author":[{"embeddable":true,"href":"https:\/\/expofamilia.hn\/expofamilia.hn\/wp-json\/wp\/v2\/users\/3"}],"replies":[{"embeddable":true,"href":"https:\/\/expofamilia.hn\/expofamilia.hn\/wp-json\/wp\/v2\/comments?post=5553"}],"version-history":[{"count":5,"href":"https:\/\/expofamilia.hn\/expofamilia.hn\/wp-json\/wp\/v2\/pages\/5553\/revisions"}],"predecessor-version":[{"id":6931,"href":"https:\/\/expofamilia.hn\/expofamilia.hn\/wp-json\/wp\/v2\/pages\/5553\/revisions\/6931"}],"wp:attachment":[{"href":"https:\/\/expofamilia.hn\/expofamilia.hn\/wp-json\/wp\/v2\/media?parent=5553"}],"curies":[{"name":"wp","href":"https:\/\/api.w.org\/{rel}","templated":true}]}}