{"id":2376,"date":"2019-07-13T18:55:19","date_gmt":"2019-07-13T16:55:19","guid":{"rendered":"https:\/\/expofamilia.hn\/?post_type=speaker&#038;p=2306"},"modified":"2019-07-18T21:16:34","modified_gmt":"2019-07-19T03:16:34","slug":"malucia","status":"publish","type":"speaker","link":"https:\/\/expofamilia.hn\/expofamilia.hn\/speaker\/malucia\/","title":{"rendered":"Maluc\u00eda"},"content":{"rendered":"\n<p>Mar\u00eda lucia es Chef de un programa de televisi\u00f3n sobre recetas, y adem\u00e1s  a trav\u00e9s de sus cuentas sociales transmite la otra parte fuera de c\u00e1maras de su vida.<\/p>\n\n\n\n<p>Mar\u00eda Lucia\nes esposa y Mam\u00e1 de 3 peque\u00f1os, se enfoca en dar a conocer el testimonio de\nvida de mam\u00e1s que han podido superar diferentes pruebas en todas sus etapas\ncomo Mam\u00e1, trata de hablar de temas educativos compartido un caf\u00e9 con sus\nseguidoras como forma de acercarse a ellas.<\/p>\n","protected":false},"excerpt":{"rendered":"<p>Mar\u00eda lucia es Chef de un programa de televisi\u00f3n sobre recetas, y adem\u00e1s a trav\u00e9s de sus cuentas sociales transmite la otra parte fuera de c\u00e1maras de su vida. Mar\u00eda Lucia es esposa y Mam\u00e1 de 3 peque\u00f1os, se enfoca&#8230;<\/p>\n","protected":false},"author":1,"featured_media":2559,"comment_status":"open","ping_status":"closed","template":"","meta":{"footnotes":""},"location":[],"speaker-tags":[37,41,46,57,60],"class_list":["post-2376","speaker","type-speaker","status-publish","has-post-thumbnail","hentry","speaker-tags-business","speaker-tags-conference","speaker-tags-event","speaker-tags-speaker","speaker-tags-storyteller"],"_links":{"self":[{"href":"https:\/\/expofamilia.hn\/expofamilia.hn\/wp-json\/wp\/v2\/speaker\/2376","targetHints":{"allow":["GET"]}}],"collection":[{"href":"https:\/\/expofamilia.hn\/expofamilia.hn\/wp-json\/wp\/v2\/speaker"}],"about":[{"href":"https:\/\/expofamilia.hn\/expofamilia.hn\/wp-json\/wp\/v2\/types\/speaker"}],"author":[{"embeddable":true,"href":"https:\/\/expofamilia.hn\/expofamilia.hn\/wp-json\/wp\/v2\/users\/1"}],"replies":[{"embeddable":true,"href":"https:\/\/expofamilia.hn\/expofamilia.hn\/wp-json\/wp\/v2\/comments?post=2376"}],"version-history":[{"count":1,"href":"https:\/\/expofamilia.hn\/expofamilia.hn\/wp-json\/wp\/v2\/speaker\/2376\/revisions"}],"predecessor-version":[{"id":2560,"href":"https:\/\/expofamilia.hn\/expofamilia.hn\/wp-json\/wp\/v2\/speaker\/2376\/revisions\/2560"}],"wp:featuredmedia":[{"embeddable":true,"href":"https:\/\/expofamilia.hn\/expofamilia.hn\/wp-json\/wp\/v2\/media\/2559"}],"wp:attachment":[{"href":"https:\/\/expofamilia.hn\/expofamilia.hn\/wp-json\/wp\/v2\/media?parent=2376"}],"wp:term":[{"taxonomy":"location","embeddable":true,"href":"https:\/\/expofamilia.hn\/expofamilia.hn\/wp-json\/wp\/v2\/location?post=2376"},{"taxonomy":"speaker-tags","embeddable":true,"href":"https:\/\/expofamilia.hn\/expofamilia.hn\/wp-json\/wp\/v2\/speaker-tags?post=2376"}],"curies":[{"name":"wp","href":"https:\/\/api.w.org\/{rel}","templated":true}]}}